{"id":209780,"date":"2023-01-10T14:59:02","date_gmt":"2023-01-10T14:59:02","guid":{"rendered":"https:\/\/mobralevante.es\/ventas\/?post_type=project&#038;p=209780"},"modified":"2023-01-12T15:54:40","modified_gmt":"2023-01-12T15:54:40","slug":"proyectos-mobra-levante-galeria","status":"publish","type":"project","link":"https:\/\/mobralevante.es\/ventas\/project\/proyectos-mobra-levante-galeria\/","title":{"rendered":"Proyectos MOBRA LEVANTE galer\u00eda"},"content":{"rendered":"<p>[et_pb_section fb_built=\u00bb1&#8243; admin_label=\u00bbHero\u00bb _builder_version=\u00bb4.16&#8243; use_background_color_gradient=\u00bbon\u00bb background_color_gradient_type=\u00bbcircular\u00bb background_color_gradient_direction_radial=\u00bbtop left\u00bb background_color_gradient_stops=\u00bbrgba(40,40,40,0.79) 0%|rgba(40,40,40,0.86) 100%\u00bb background_color_gradient_overlays_image=\u00bbon\u00bb background_color_gradient_start=\u00bbrgba(40,40,40,0.79)\u00bb background_color_gradient_end=\u00bbrgba(40,40,40,0.86)\u00bb background_image=\u00bbhttps:\/\/mobralevante.es\/ventas\/wp-content\/uploads\/2019\/01\/construction-34.jpg\u00bb custom_margin=\u00bb||||false\u00bb custom_padding=\u00bb0vw||0vw||true|false\u00bb global_colors_info=\u00bb{}\u00bb][et_pb_row _builder_version=\u00bb4.16&#8243; global_colors_info=\u00bb{}\u00bb][et_pb_column type=\u00bb4_4&#8243; _builder_version=\u00bb4.16&#8243; custom_padding=\u00bb|||\u00bb global_colors_info=\u00bb{}\u00bb custom_padding__hover=\u00bb|||\u00bb][et_pb_text _builder_version=\u00bb4.16&#8243; text_font=\u00bb||||||||\u00bb header_font=\u00bbRubik|700|||||||\u00bb header_font_size=\u00bb64px\u00bb header_line_height=\u00bb1.1em\u00bb background_layout=\u00bbdark\u00bb max_width=\u00bb800px\u00bb custom_margin=\u00bb||0px|\u00bb custom_padding=\u00bb|||16px\u00bb text_font_size_tablet=\u00bb14px\u00bb text_font_size_last_edited=\u00bboff|desktop\u00bb header_font_size_tablet=\u00bb44px\u00bb header_font_size_phone=\u00bb32px\u00bb header_font_size_last_edited=\u00bbon|phone\u00bb border_color_all=\u00bb#ffb400&#8243; border_width_left=\u00bb10px\u00bb global_colors_info=\u00bb{}\u00bb]<\/p>\n<h1>Proyectos\u00a0<\/h1>\n<p>[\/et_pb_text][\/et_pb_column][\/et_pb_row][\/et_pb_section][et_pb_section fb_built=\u00bb1&#8243; admin_label=\u00bbBlog\u00bb _builder_version=\u00bb4.16&#8243; background_color=\u00bb#f7f7f7&#8243; global_colors_info=\u00bb{}\u00bb][et_pb_row _builder_version=\u00bb4.16&#8243; global_colors_info=\u00bb{}\u00bb][et_pb_column type=\u00bb4_4&#8243; _builder_version=\u00bb4.16&#8243; custom_padding=\u00bb|||\u00bb global_colors_info=\u00bb{}\u00bb custom_padding__hover=\u00bb|||\u00bb][et_pb_gallery gallery_ids=\u00bb209927,209928,209929,209930,209931,209932,209941,209940,209939,209935,209934,209933,209942,209943,209944,209945,209948,209949,209950,209959,209958,209957,209956,209955,209954,209953,209952,209951,209968,209967,209966,209965,209964,209963,209962,209960,209977,209975,209973,209972,209971,209970,209969,209986,209985,209984,209983,209982,209980,209979,209978,209995,209994,209993,209992,209991,209990,209989,209988,210004,210001,210000,209999,209998&#8243; posts_number=\u00bb56&#8243; _builder_version=\u00bb4.19.4&#8243; _module_preset=\u00bbdefault\u00bb hover_enabled=\u00bb0&#8243; global_colors_info=\u00bb{}\u00bb sticky_enabled=\u00bb0&#8243;][\/et_pb_gallery][\/et_pb_column][\/et_pb_row][\/et_pb_section]<\/p>\n","protected":false},"excerpt":{"rendered":"<p>Proyectos que MOBRA LEVANTE ha realizado. Tanto proyectos grandes como peque\u00f1os. Hemos recogido algunas im\u00e1genes de algunos de nuestros trabajos como ejemplo del tipo de maquinaria que vendemos y alquilamos para la construcci\u00f3n.<\/p>\n","protected":false},"author":1,"featured_media":210150,"comment_status":"open","ping_status":"closed","template":"","meta":{"_et_pb_use_builder":"on","_et_pb_old_content":"","_et_gb_content_width":""},"project_category":[30],"project_tag":[],"yoast_head":"<!-- This site is optimized with the Yoast SEO plugin v23.4 - https:\/\/yoast.com\/wordpress\/plugins\/seo\/ -->\n<title>Proyectos MOBRA LEVANTE galer\u00eda - Mobra Levante, maquinaria para obra<\/title>\n<meta name=\"robots\" content=\"index, follow, max-snippet:-1, max-image-preview:large, max-video-preview:-1\" \/>\n<link rel=\"canonical\" href=\"https:\/\/mobralevante.es\/ventas\/project\/proyectos-mobra-levante-galeria\/\" \/>\n<meta property=\"og:locale\" content=\"es_ES\" \/>\n<meta property=\"og:type\" content=\"article\" \/>\n<meta property=\"og:title\" content=\"Proyectos MOBRA LEVANTE galer\u00eda - Mobra Levante, maquinaria para obra\" \/>\n<meta property=\"og:description\" content=\"Proyectos que MOBRA LEVANTE ha realizado. Tanto proyectos grandes como peque\u00f1os. Hemos recogido algunas im\u00e1genes de algunos de nuestros trabajos como ejemplo del tipo de maquinaria que vendemos y alquilamos para la construcci\u00f3n.\" \/>\n<meta property=\"og:url\" content=\"https:\/\/mobralevante.es\/ventas\/project\/proyectos-mobra-levante-galeria\/\" \/>\n<meta property=\"og:site_name\" content=\"Mobra Levante, maquinaria para obra\" \/>\n<meta property=\"article:modified_time\" content=\"2023-01-12T15:54:40+00:00\" \/>\n<meta property=\"og:image\" content=\"https:\/\/mobralevante.es\/ventas\/wp-content\/uploads\/2023\/01\/mobra-imagenes-para-banners-web7-1.jpg\" \/>\n\t<meta property=\"og:image:width\" content=\"1800\" \/>\n\t<meta property=\"og:image:height\" content=\"800\" \/>\n\t<meta property=\"og:image:type\" content=\"image\/jpeg\" \/>\n<meta name=\"twitter:card\" content=\"summary_large_image\" \/>\n<meta name=\"twitter:label1\" content=\"Tiempo de lectura\" \/>\n\t<meta name=\"twitter:data1\" content=\"1 minuto\" \/>\n<script type=\"application\/ld+json\" class=\"yoast-schema-graph\">{\"@context\":\"https:\/\/schema.org\",\"@graph\":[{\"@type\":\"WebPage\",\"@id\":\"https:\/\/mobralevante.es\/ventas\/project\/proyectos-mobra-levante-galeria\/\",\"url\":\"https:\/\/mobralevante.es\/ventas\/project\/proyectos-mobra-levante-galeria\/\",\"name\":\"Proyectos MOBRA LEVANTE galer\u00eda - Mobra Levante, maquinaria para obra\",\"isPartOf\":{\"@id\":\"https:\/\/mobralevante.es\/ventas\/#website\"},\"primaryImageOfPage\":{\"@id\":\"https:\/\/mobralevante.es\/ventas\/project\/proyectos-mobra-levante-galeria\/#primaryimage\"},\"image\":{\"@id\":\"https:\/\/mobralevante.es\/ventas\/project\/proyectos-mobra-levante-galeria\/#primaryimage\"},\"thumbnailUrl\":\"https:\/\/mobralevante.es\/ventas\/wp-content\/uploads\/2023\/01\/mobra-imagenes-para-banners-web7-1.jpg\",\"datePublished\":\"2023-01-10T14:59:02+00:00\",\"dateModified\":\"2023-01-12T15:54:40+00:00\",\"breadcrumb\":{\"@id\":\"https:\/\/mobralevante.es\/ventas\/project\/proyectos-mobra-levante-galeria\/#breadcrumb\"},\"inLanguage\":\"es\",\"potentialAction\":[{\"@type\":\"ReadAction\",\"target\":[\"https:\/\/mobralevante.es\/ventas\/project\/proyectos-mobra-levante-galeria\/\"]}]},{\"@type\":\"ImageObject\",\"inLanguage\":\"es\",\"@id\":\"https:\/\/mobralevante.es\/ventas\/project\/proyectos-mobra-levante-galeria\/#primaryimage\",\"url\":\"https:\/\/mobralevante.es\/ventas\/wp-content\/uploads\/2023\/01\/mobra-imagenes-para-banners-web7-1.jpg\",\"contentUrl\":\"https:\/\/mobralevante.es\/ventas\/wp-content\/uploads\/2023\/01\/mobra-imagenes-para-banners-web7-1.jpg\",\"width\":1800,\"height\":800},{\"@type\":\"BreadcrumbList\",\"@id\":\"https:\/\/mobralevante.es\/ventas\/project\/proyectos-mobra-levante-galeria\/#breadcrumb\",\"itemListElement\":[{\"@type\":\"ListItem\",\"position\":1,\"name\":\"Portada\",\"item\":\"https:\/\/mobralevante.es\/ventas\/\"},{\"@type\":\"ListItem\",\"position\":2,\"name\":\"Proyectos\",\"item\":\"https:\/\/mobralevante.es\/ventas\/project\/\"},{\"@type\":\"ListItem\",\"position\":3,\"name\":\"Proyectos MOBRA LEVANTE galer\u00eda\"}]},{\"@type\":\"WebSite\",\"@id\":\"https:\/\/mobralevante.es\/ventas\/#website\",\"url\":\"https:\/\/mobralevante.es\/ventas\/\",\"name\":\"Mobra Levante, maquinaria para obra\",\"description\":\"Mobra levante ventas\",\"potentialAction\":[{\"@type\":\"SearchAction\",\"target\":{\"@type\":\"EntryPoint\",\"urlTemplate\":\"https:\/\/mobralevante.es\/ventas\/?s={search_term_string}\"},\"query-input\":{\"@type\":\"PropertyValueSpecification\",\"valueRequired\":true,\"valueName\":\"search_term_string\"}}],\"inLanguage\":\"es\"}]}<\/script>\n<!-- \/ Yoast SEO plugin. -->","yoast_head_json":{"title":"Proyectos MOBRA LEVANTE galer\u00eda - Mobra Levante, maquinaria para obra","robots":{"index":"index","follow":"follow","max-snippet":"max-snippet:-1","max-image-preview":"max-image-preview:large","max-video-preview":"max-video-preview:-1"},"canonical":"https:\/\/mobralevante.es\/ventas\/project\/proyectos-mobra-levante-galeria\/","og_locale":"es_ES","og_type":"article","og_title":"Proyectos MOBRA LEVANTE galer\u00eda - Mobra Levante, maquinaria para obra","og_description":"Proyectos que MOBRA LEVANTE ha realizado. Tanto proyectos grandes como peque\u00f1os. Hemos recogido algunas im\u00e1genes de algunos de nuestros trabajos como ejemplo del tipo de maquinaria que vendemos y alquilamos para la construcci\u00f3n.","og_url":"https:\/\/mobralevante.es\/ventas\/project\/proyectos-mobra-levante-galeria\/","og_site_name":"Mobra Levante, maquinaria para obra","article_modified_time":"2023-01-12T15:54:40+00:00","og_image":[{"width":1800,"height":800,"url":"https:\/\/mobralevante.es\/ventas\/wp-content\/uploads\/2023\/01\/mobra-imagenes-para-banners-web7-1.jpg","type":"image\/jpeg"}],"twitter_card":"summary_large_image","twitter_misc":{"Tiempo de lectura":"1 minuto"},"schema":{"@context":"https:\/\/schema.org","@graph":[{"@type":"WebPage","@id":"https:\/\/mobralevante.es\/ventas\/project\/proyectos-mobra-levante-galeria\/","url":"https:\/\/mobralevante.es\/ventas\/project\/proyectos-mobra-levante-galeria\/","name":"Proyectos MOBRA LEVANTE galer\u00eda - Mobra Levante, maquinaria para obra","isPartOf":{"@id":"https:\/\/mobralevante.es\/ventas\/#website"},"primaryImageOfPage":{"@id":"https:\/\/mobralevante.es\/ventas\/project\/proyectos-mobra-levante-galeria\/#primaryimage"},"image":{"@id":"https:\/\/mobralevante.es\/ventas\/project\/proyectos-mobra-levante-galeria\/#primaryimage"},"thumbnailUrl":"https:\/\/mobralevante.es\/ventas\/wp-content\/uploads\/2023\/01\/mobra-imagenes-para-banners-web7-1.jpg","datePublished":"2023-01-10T14:59:02+00:00","dateModified":"2023-01-12T15:54:40+00:00","breadcrumb":{"@id":"https:\/\/mobralevante.es\/ventas\/project\/proyectos-mobra-levante-galeria\/#breadcrumb"},"inLanguage":"es","potentialAction":[{"@type":"ReadAction","target":["https:\/\/mobralevante.es\/ventas\/project\/proyectos-mobra-levante-galeria\/"]}]},{"@type":"ImageObject","inLanguage":"es","@id":"https:\/\/mobralevante.es\/ventas\/project\/proyectos-mobra-levante-galeria\/#primaryimage","url":"https:\/\/mobralevante.es\/ventas\/wp-content\/uploads\/2023\/01\/mobra-imagenes-para-banners-web7-1.jpg","contentUrl":"https:\/\/mobralevante.es\/ventas\/wp-content\/uploads\/2023\/01\/mobra-imagenes-para-banners-web7-1.jpg","width":1800,"height":800},{"@type":"BreadcrumbList","@id":"https:\/\/mobralevante.es\/ventas\/project\/proyectos-mobra-levante-galeria\/#breadcrumb","itemListElement":[{"@type":"ListItem","position":1,"name":"Portada","item":"https:\/\/mobralevante.es\/ventas\/"},{"@type":"ListItem","position":2,"name":"Proyectos","item":"https:\/\/mobralevante.es\/ventas\/project\/"},{"@type":"ListItem","position":3,"name":"Proyectos MOBRA LEVANTE galer\u00eda"}]},{"@type":"WebSite","@id":"https:\/\/mobralevante.es\/ventas\/#website","url":"https:\/\/mobralevante.es\/ventas\/","name":"Mobra Levante, maquinaria para obra","description":"Mobra levante ventas","potentialAction":[{"@type":"SearchAction","target":{"@type":"EntryPoint","urlTemplate":"https:\/\/mobralevante.es\/ventas\/?s={search_term_string}"},"query-input":{"@type":"PropertyValueSpecification","valueRequired":true,"valueName":"search_term_string"}}],"inLanguage":"es"}]}},"_links":{"self":[{"href":"https:\/\/mobralevante.es\/ventas\/wp-json\/wp\/v2\/project\/209780"}],"collection":[{"href":"https:\/\/mobralevante.es\/ventas\/wp-json\/wp\/v2\/project"}],"about":[{"href":"https:\/\/mobralevante.es\/ventas\/wp-json\/wp\/v2\/types\/project"}],"author":[{"embeddable":true,"href":"https:\/\/mobralevante.es\/ventas\/wp-json\/wp\/v2\/users\/1"}],"replies":[{"embeddable":true,"href":"https:\/\/mobralevante.es\/ventas\/wp-json\/wp\/v2\/comments?post=209780"}],"version-history":[{"count":5,"href":"https:\/\/mobralevante.es\/ventas\/wp-json\/wp\/v2\/project\/209780\/revisions"}],"predecessor-version":[{"id":210177,"href":"https:\/\/mobralevante.es\/ventas\/wp-json\/wp\/v2\/project\/209780\/revisions\/210177"}],"wp:featuredmedia":[{"embeddable":true,"href":"https:\/\/mobralevante.es\/ventas\/wp-json\/wp\/v2\/media\/210150"}],"wp:attachment":[{"href":"https:\/\/mobralevante.es\/ventas\/wp-json\/wp\/v2\/media?parent=209780"}],"wp:term":[{"taxonomy":"project_category","embeddable":true,"href":"https:\/\/mobralevante.es\/ventas\/wp-json\/wp\/v2\/project_category?post=209780"},{"taxonomy":"project_tag","embeddable":true,"href":"https:\/\/mobralevante.es\/ventas\/wp-json\/wp\/v2\/project_tag?post=209780"}],"curies":[{"name":"wp","href":"https:\/\/api.w.org\/{rel}","templated":true}]}}