{"id":210543,"date":"2023-10-24T20:29:32","date_gmt":"2023-10-24T20:29:32","guid":{"rendered":"https:\/\/mobralevante.es\/ventas\/?page_id=210543"},"modified":"2024-02-27T18:30:08","modified_gmt":"2024-02-27T18:30:08","slug":"ventas-mobra","status":"publish","type":"page","link":"https:\/\/mobralevante.es\/ventas\/ventas-mobra\/","title":{"rendered":"VENTAS MOBRA"},"content":{"rendered":"<p>[et_pb_section fb_built=\u00bb1&#8243; fullwidth=\u00bbon\u00bb custom_padding_last_edited=\u00bbon|desktop\u00bb admin_label=\u00bbHero Section\u00bb _builder_version=\u00bb4.23&#8243; background_image=\u00bbhttps:\/\/mobralevante.es\/ventas\/wp-content\/uploads\/2023\/10\/VENTAS-Billboard-Landscape-2.jpg\u00bb width_tablet=\u00bb\u00bb width_phone=\u00bb\u00bb width_last_edited=\u00bbon|phone\u00bb max_width_tablet=\u00bb\u00bb max_width_phone=\u00bb100%\u00bb max_width_last_edited=\u00bbon|phone\u00bb min_height_tablet=\u00bb\u00bb min_height_phone=\u00bb\u00bb min_height_last_edited=\u00bbon|phone\u00bb height_tablet=\u00bb\u00bb height_phone=\u00bb100px\u00bb height_last_edited=\u00bbon|phone\u00bb max_height_tablet=\u00bb\u00bb max_height_phone=\u00bb\u00bb max_height_last_edited=\u00bbon|phone\u00bb custom_margin=\u00bb0px||||false|false\u00bb custom_margin_tablet=\u00bb0px||||false|false\u00bb custom_margin_phone=\u00bb0px||||false|false\u00bb custom_margin_last_edited=\u00bbon|phone\u00bb custom_padding=\u00bb95px||267px||false|false\u00bb custom_padding_tablet=\u00bb||0px||false|false\u00bb custom_padding_phone=\u00bb||0px||false|false\u00bb top_divider_height_tablet=\u00bb\u00bb top_divider_height_phone=\u00bb122px\u00bb top_divider_height_last_edited=\u00bbon|phone\u00bb module_alignment_tablet=\u00bb\u00bb module_alignment_phone=\u00bbright\u00bb module_alignment_last_edited=\u00bbon|phone\u00bb global_colors_info=\u00bb{}\u00bb][\/et_pb_section][et_pb_section fb_built=\u00bb1&#8243; custom_padding_last_edited=\u00bbon|desktop\u00bb admin_label=\u00bbWhat We Do\u00bb _builder_version=\u00bb4.23&#8243; background_color=\u00bb#2f2f2f\u00bb custom_margin=\u00bb|||\u00bb custom_padding=\u00bb0px|0px|0px|0px|false|false\u00bb custom_padding_tablet=\u00bb|||21px|false|false\u00bb custom_padding_phone=\u00bb0px|0px|0px|33px|false|false\u00bb top_divider_height_tablet=\u00bb\u00bb top_divider_height_phone=\u00bb\u00bb top_divider_height_last_edited=\u00bbon|phone\u00bb global_colors_info=\u00bb{}\u00bb][et_pb_row column_structure=\u00bb2_3,1_3&#8243; make_equal=\u00bbon\u00bb _builder_version=\u00bb4.23&#8243; width=\u00bb100%\u00bb max_width=\u00bb1608px\u00bb module_alignment=\u00bbcenter\u00bb custom_margin=\u00bb|-6px||35px|false|false\u00bb custom_padding=\u00bb0px|0px|0px|0px|false|false\u00bb global_colors_info=\u00bb{}\u00bb][et_pb_column type=\u00bb2_3&#8243; _builder_version=\u00bb4.23&#8243; custom_padding=\u00bb|||\u00bb custom_padding_tablet=\u00bb|||\u00bb custom_padding_phone=\u00bb|||\u00bb custom_padding_last_edited=\u00bbon|phone\u00bb global_colors_info=\u00bb{}\u00bb custom_padding__hover=\u00bb|||\u00bb][et_pb_team_member name=\u00bbMOBRA LEVANTE\u00bb position=\u00bbVENTAS  \u00bb image_url=\u00bbhttps:\/\/mobralevante.es\/ventas\/wp-content\/uploads\/2022\/10\/iconos_web_Mobra-4.png\u00bb use_icon_font_size=\u00bbon\u00bb _builder_version=\u00bb4.23&#8243; _module_preset=\u00bbdefault\u00bb header_level=\u00bbh1&#8243; header_font=\u00bbActor||||||||\u00bb header_text_color=\u00bb#D88406&#8243; body_text_align=\u00bbjustify\u00bb body_text_color=\u00bb#ffffff\u00bb body_font_size=\u00bb21px\u00bb position_font_size=\u00bb16px\u00bb custom_margin=\u00bb19px|||||\u00bb custom_padding=\u00bb|123px||||\u00bb custom_padding_tablet=\u00bb|123px||||\u00bb custom_padding_phone=\u00bb|32px|||false|false\u00bb custom_padding_last_edited=\u00bbon|phone\u00bb child_filter_opacity=\u00bb66%\u00bb body_font_size_tablet=\u00bb21px\u00bb body_font_size_phone=\u00bb14px\u00bb body_font_size_last_edited=\u00bbon|phone\u00bb position_font_size_tablet=\u00bb16px\u00bb position_font_size_phone=\u00bb20px\u00bb position_font_size_last_edited=\u00bbon|phone\u00bb border_radii_image=\u00bbon|90px|90px|90px|90px\u00bb border_radii_image_tablet=\u00bbon|90px|90px|90px|90px\u00bb border_radii_image_phone=\u00bbon|53px|53px|53px|53px\u00bb border_radii_image_last_edited=\u00bbon|phone\u00bb box_shadow_style_image=\u00bbpreset1&#8243; box_shadow_vertical_image=\u00bb19px\u00bb box_shadow_position_image=\u00bbinner\u00bb box_shadow_vertical_image_tablet=\u00bb19px\u00bb box_shadow_vertical_image_phone=\u00bb-8px\u00bb box_shadow_vertical_image_last_edited=\u00bbon|phone\u00bb global_colors_info=\u00bb{}\u00bb]<\/p>\n<p><span>Descubre en VENTAS MOBRA nuestra amplia selecci\u00f3n en maquinaria y herramientas para la obra, respaldada por marcas l\u00edderes y ofreciendo soluciones avanzadas y eficientes. <\/span><\/p>\n<p><span>Encuentra todo lo que necesitas para potenciar tus proyectos con calidad y rendimiento incomparables.<\/span><\/p>\n<p>[\/et_pb_team_member][\/et_pb_column][et_pb_column type=\u00bb1_3&#8243; _builder_version=\u00bb4.23&#8243; custom_padding=\u00bb|||\u00bb global_colors_info=\u00bb{}\u00bb custom_padding__hover=\u00bb|||\u00bb][et_pb_text disabled_on=\u00bboff|off|off\u00bb _builder_version=\u00bb4.24.1&#8243; text_font=\u00bbPoppins|600|||||||\u00bb text_font_size=\u00bb13px\u00bb text_letter_spacing=\u00bb2px\u00bb text_line_height=\u00bb2em\u00bb header_2_font_size=\u00bb16px\u00bb background_color=\u00bb#3d3d3d\u00bb background_layout=\u00bbdark\u00bb module_alignment=\u00bbcenter\u00bb custom_margin=\u00bb19px||34px|||\u00bb custom_padding=\u00bb22px|60px|35px|33px||\u00bb animation_style=\u00bbslide\u00bb animation_direction=\u00bbtop\u00bb animation_duration=\u00bb1500ms\u00bb animation_intensity_slide=\u00bb10%\u00bb animation_starting_opacity=\u00bb100%\u00bb hover_enabled=\u00bb0&#8243; text_font_size_tablet=\u00bb13px\u00bb text_font_size_phone=\u00bb13px\u00bb text_font_size_last_edited=\u00bbon|desktop\u00bb header_2_font_size_tablet=\u00bb16px\u00bb header_2_font_size_phone=\u00bb13px\u00bb header_2_font_size_last_edited=\u00bbon|phone\u00bb box_shadow_style=\u00bbpreset3&#8243; box_shadow_vertical=\u00bb15px\u00bb box_shadow_blur=\u00bb80px\u00bb box_shadow_color=\u00bbrgba(0,0,0,0.15)\u00bb global_colors_info=\u00bb{}\u00bb sticky_enabled=\u00bb0&#8243; link_option_url=\u00bb#\u00daTILES Y CONSUMIBLES\u00bb]<\/p>\n<h2><a href=\"#MAQUINARIA LIGERA\">MAQUINARIA LIGERA<\/a><\/h2>\n<h2><\/h2>\n<h2><a href=\"#PROTECCI\u00d3N COLECTIVA\">PROTECCI\u00d3N <\/a><\/h2>\n<h2><\/h2>\n<h2><a href=\"#ENCOFRADOS\">ENCOFRADOS<\/a><\/h2>\n<h2><\/h2>\n<h2><a href=\"#SISTEMAS DE ANDAMIO\">SISTEMAS DE ANDAMIO<\/a><\/h2>\n<h2><\/h2>\n<h2><a href=\"#SISTEMAS DE ELEVACI\u00d3N\">SISTEMAS DE ELEVACI\u00d3N<\/a><\/h2>\n<h2><\/h2>\n<h2><a href=\"#\u00daTILES Y CONSUMIBLES\">\u00daTILES Y CONSUMIBLES<\/a><\/h2>\n<p>[\/et_pb_text][\/et_pb_column][\/et_pb_row][\/et_pb_section][et_pb_section fb_built=\u00bb1&#8243; _builder_version=\u00bb4.22.1&#8243; _module_preset=\u00bbdefault\u00bb global_colors_info=\u00bb{}\u00bb][et_pb_row column_structure=\u00bb2_3,1_3&#8243; _builder_version=\u00bb4.24.1&#8243; _module_preset=\u00bbdefault\u00bb width=\u00bb100%\u00bb max_width=\u00bb1503px\u00bb hover_enabled=\u00bb0&#8243; global_colors_info=\u00bb{}\u00bb module_id=\u00bbMAQUINARIA LIGERA\u00bb sticky_enabled=\u00bb0&#8243;][et_pb_column type=\u00bb2_3&#8243; _builder_version=\u00bb4.22.1&#8243; _module_preset=\u00bbdefault\u00bb global_colors_info=\u00bb{}\u00bb][et_pb_blurb title=\u00bbHERRAMIENTAS Y MAQUINARIA LIGERA\u00bb image_icon_background_color=\u00bb#ff6600&#8243; image=\u00bbhttps:\/\/mobralevante.es\/ventas\/wp-content\/uploads\/2023\/01\/mobra-imagenes-para-banners-web7.jpg\u00bb image_icon_width=\u00bb95%\u00bb _builder_version=\u00bb4.23&#8243; _module_preset=\u00bbdefault\u00bb header_level=\u00bbh1&#8243; header_font=\u00bb|800|||||||\u00bb custom_margin=\u00bb||38px|||\u00bb custom_padding=\u00bb|||13px||\u00bb border_radii=\u00bbon|25px|25px|25px|25px\u00bb border_color_all=\u00bb#ff6600&#8243; border_radii_image=\u00bbon|26px|26px|26px|26px\u00bb border_width_all_image=\u00bb15px\u00bb border_color_all_image=\u00bb#ff6600&#8243; global_colors_info=\u00bb{}\u00bb]<\/p>\n<p>Desde martillos rotativos y amoladoras hasta plataformas de descarga y transpaletas, encuentra la soluci\u00f3n perfecta para cada tarea en nuestro amplio cat\u00e1logo de herramientas de alta calidad.<\/p>\n<p>[\/et_pb_blurb][et_pb_divider color=\u00bb#000000&#8243; divider_weight=\u00bb7px\u00bb _builder_version=\u00bb4.22.2&#8243; _module_preset=\u00bbdefault\u00bb background_enable_color=\u00bboff\u00bb custom_margin=\u00bb140px|||||\u00bb global_colors_info=\u00bb{}\u00bb][\/et_pb_divider][\/et_pb_column][et_pb_column type=\u00bb1_3&#8243; _builder_version=\u00bb4.22.1&#8243; _module_preset=\u00bbdefault\u00bb global_colors_info=\u00bb{}\u00bb][et_pb_blurb title=\u00bb1 &#8211; MAQUINARIA LIGERA\u00bb image_icon_background_color=\u00bb#ff6600&#8243; image_icon_width=\u00bb95%\u00bb _builder_version=\u00bb4.23&#8243; _module_preset=\u00bbdefault\u00bb header_level=\u00bbh1&#8243; header_font=\u00bb|800|||||||\u00bb custom_margin=\u00bb|||-40px||\u00bb custom_margin_tablet=\u00bb|||-40px||\u00bb custom_margin_phone=\u00bb|||0px|false|false\u00bb custom_margin_last_edited=\u00bbon|phone\u00bb custom_padding=\u00bb|||13px||\u00bb custom_padding_tablet=\u00bb|||13px||\u00bb custom_padding_phone=\u00bb|||29px|false|false\u00bb custom_padding_last_edited=\u00bbon|phone\u00bb border_radii=\u00bbon|25px|25px|25px|25px\u00bb border_color_all=\u00bb#ff6600&#8243; border_radii_image=\u00bbon|26px|26px|26px|26px\u00bb border_width_all_image=\u00bb15px\u00bb border_color_all_image=\u00bb#ff6600&#8243; global_colors_info=\u00bb{}\u00bb]<\/p>\n<ul>\n<li>MARTILLOS ROTATIVOS Y DEMOLEDORES<\/li>\n<li>AMOLADORAS Y TALADROS<\/li>\n<li>TRONZADORAS<\/li>\n<li>SIERRAS MANUALES<\/li>\n<li>CIZALLAS, ESTRIBADORAS Y DOBLADORAS<\/li>\n<li>HORMIGONERAS<\/li>\n<li>PERFORADORAS DE HORMIG\u00d3N<\/li>\n<li>BOMBAS DE AGUA<\/li>\n<li>GRUPOS ELETR\u00d3GENOS<\/li>\n<li>CONVERTIDORES EL\u00c9CTRICOS<\/li>\n<li>AGUJAS DE ALTA FRECUENCIA<\/li>\n<li>VIBRADORES EL\u00c9CTRICOS<\/li>\n<li>REGLAS VIBRADORAS<\/li>\n<li>BANDEJAS VIBRANTES<\/li>\n<li>PISONES COMPACTADORES<\/li>\n<li>FRATASADORAS<\/li>\n<li>CORTADORAS DE ASFALTO<\/li>\n<li>PLATAFORMAS DE DESCARGA<\/li>\n<li>TRANSPALETAS<\/li>\n<\/ul>\n<p>[\/et_pb_blurb][\/et_pb_column][\/et_pb_row][\/et_pb_section][et_pb_section fb_built=\u00bb1&#8243; _builder_version=\u00bb4.22.2&#8243; _module_preset=\u00bbdefault\u00bb background_enable_pattern_style=\u00bbon\u00bb background_pattern_style=\u00bbdiagonal-stripes-2&#8243; background_pattern_color=\u00bbrgba(216,132,6,0.13)\u00bb background_pattern_size=\u00bbstretch\u00bb global_colors_info=\u00bb{}\u00bb][et_pb_row column_structure=\u00bb2_3,1_3&#8243; _builder_version=\u00bb4.24.1&#8243; _module_preset=\u00bbdefault\u00bb width=\u00bb100%\u00bb max_width=\u00bb1503px\u00bb hover_enabled=\u00bb0&#8243; global_colors_info=\u00bb{}\u00bb module_id=\u00bbPROTECCI\u00d3N COLECTIVA\u00bb sticky_enabled=\u00bb0&#8243;][et_pb_column type=\u00bb2_3&#8243; _builder_version=\u00bb4.22.1&#8243; _module_preset=\u00bbdefault\u00bb global_colors_info=\u00bb{}\u00bb][et_pb_blurb title=\u00bbSISTEMAS DE PROTECCI\u00d3N\u00bb image_icon_background_color=\u00bb#ff6600&#8243; image=\u00bbhttps:\/\/mobralevante.es\/ventas\/wp-content\/uploads\/2023\/07\/3.jpg\u00bb image_icon_width=\u00bb95%\u00bb _builder_version=\u00bb4.22.2&#8243; _module_preset=\u00bbdefault\u00bb header_level=\u00bbh1&#8243; header_font=\u00bb|800|||||||\u00bb custom_margin=\u00bb50px|||||\u00bb custom_padding=\u00bb|||15px||\u00bb border_radii=\u00bbon|25px|25px|25px|25px\u00bb border_color_all=\u00bb#ff6600&#8243; border_radii_image=\u00bbon|26px|26px|26px|26px\u00bb border_width_all_image=\u00bb15px\u00bb border_color_all_image=\u00bb#ff6600&#8243; global_colors_info=\u00bb{}\u00bb]<\/p>\n<p>Nuestros equipos de protecci\u00f3n individual cumplen con las normativas m\u00e1s recientes del mercado, convirti\u00e9ndolos en elementos esenciales para llevar a cabo el trabajo de manera segura y confiable.<\/p>\n<p>[\/et_pb_blurb][\/et_pb_column][et_pb_column type=\u00bb1_3&#8243; _builder_version=\u00bb4.22.1&#8243; _module_preset=\u00bbdefault\u00bb global_colors_info=\u00bb{}\u00bb][et_pb_blurb title=\u00bb2 &#8211; PROTECCI\u00d3N COLECTIVA\u00bb image_icon_background_color=\u00bb#ff6600&#8243; image_icon_width=\u00bb95%\u00bb _builder_version=\u00bb4.22.2&#8243; _module_preset=\u00bbdefault\u00bb header_level=\u00bbh1&#8243; header_font=\u00bb|800|||||||\u00bb custom_margin=\u00bb|||-40px||\u00bb custom_margin_tablet=\u00bb|||-40px||\u00bb custom_margin_phone=\u00bb|||0px|false|false\u00bb custom_margin_last_edited=\u00bbon|phone\u00bb custom_padding=\u00bb|||13px||\u00bb custom_padding_tablet=\u00bb|||13px||\u00bb custom_padding_phone=\u00bb|||29px|false|false\u00bb custom_padding_last_edited=\u00bbon|phone\u00bb border_radii=\u00bbon|25px|25px|25px|25px\u00bb border_color_all=\u00bb#ff6600&#8243; border_radii_image=\u00bbon|26px|26px|26px|26px\u00bb border_width_all_image=\u00bb15px\u00bb border_color_all_image=\u00bb#ff6600&#8243; global_colors_info=\u00bb{}\u00bb]<\/p>\n<ul>\n<li>BARANDILLAS<\/li>\n<li>GUARDACUERPOS<\/li>\n<li>PESCANTES DE SEGURIDAD<\/li>\n<li>RED DE PESCANTE\u00a0\u00a0<\/li>\n<li>RED BAJO FORJADO VALLAS<\/li>\n<li>BARRERAS New Jersey<\/li>\n<li>PASARELA DE SEGURIDAD<\/li>\n<li>L\u00cdNEAS DE VIDA<\/li>\n<li>VALLAS DE CERRAMIENTO<\/li>\n<\/ul>\n<p>[\/et_pb_blurb][et_pb_blurb title=\u00bb3 &#8211; PROTECCI\u00d3N INDIVIDUAL\u00bb image_icon_background_color=\u00bb#ff6600&#8243; alt=\u00bbENCOFRADO DE TECHO DE CUBETAS RECUPERABLES\u00bb image_icon_width=\u00bb95%\u00bb _builder_version=\u00bb4.24.1&#8243; _module_preset=\u00bbdefault\u00bb header_level=\u00bbh1&#8243; header_font=\u00bb|800|||||||\u00bb custom_margin=\u00bb|||-40px||\u00bb custom_margin_tablet=\u00bb|||-40px||\u00bb custom_margin_phone=\u00bb|||0px|false|false\u00bb custom_margin_last_edited=\u00bbon|phone\u00bb custom_padding=\u00bb|||13px||\u00bb custom_padding_tablet=\u00bb|||13px||\u00bb custom_padding_phone=\u00bb|||29px|false|false\u00bb custom_padding_last_edited=\u00bbon|phone\u00bb hover_enabled=\u00bb0&#8243; border_radii=\u00bbon|25px|25px|25px|25px\u00bb border_color_all=\u00bb#ff6600&#8243; border_radii_image=\u00bbon|26px|26px|26px|26px\u00bb border_width_all_image=\u00bb15px\u00bb border_color_all_image=\u00bb#ff6600&#8243; global_colors_info=\u00bb{}\u00bb module_id=\u00bbPROTECCI\u00d3N INDIVIDUAL\u00bb sticky_enabled=\u00bb0&#8243;]<\/p>\n<ul>\n<li>ARNESES DE SEGURIDAD<\/li>\n<li>L\u00cdNEAS DE VIDA<\/li>\n<li>VESTUARIO LABORAL<\/li>\n<li>GUANTES DE SEGURIDAD<\/li>\n<li>CASCOS<\/li>\n<li>MASCARILLAS<\/li>\n<li>PROTECTORES AUDITIVOS<\/li>\n<li>CALZADO DE SEGURIDAD<\/li>\n<li>GAFAS DE PROTECCI\u00d3N<\/li>\n<\/ul>\n<p>[\/et_pb_blurb][\/et_pb_column][\/et_pb_row][et_pb_row _builder_version=\u00bb4.22.2&#8243; _module_preset=\u00bbdefault\u00bb global_colors_info=\u00bb{}\u00bb][et_pb_column type=\u00bb4_4&#8243; _builder_version=\u00bb4.22.2&#8243; _module_preset=\u00bbdefault\u00bb global_colors_info=\u00bb{}\u00bb][et_pb_divider color=\u00bb#000000&#8243; divider_weight=\u00bb7px\u00bb _builder_version=\u00bb4.22.2&#8243; _module_preset=\u00bbdefault\u00bb background_enable_color=\u00bboff\u00bb global_colors_info=\u00bb{}\u00bb][\/et_pb_divider][\/et_pb_column][\/et_pb_row][\/et_pb_section][et_pb_section fb_built=\u00bb1&#8243; _builder_version=\u00bb4.22.2&#8243; _module_preset=\u00bbdefault\u00bb background_enable_pattern_style=\u00bbon\u00bb background_pattern_style=\u00bbdiagonal-stripes-2&#8243; background_pattern_color=\u00bbrgba(216,132,6,0.13)\u00bb background_pattern_size=\u00bbstretch\u00bb global_colors_info=\u00bb{}\u00bb][et_pb_row column_structure=\u00bb2_3,1_3&#8243; _builder_version=\u00bb4.24.1&#8243; _module_preset=\u00bbdefault\u00bb width=\u00bb100%\u00bb max_width=\u00bb1503px\u00bb hover_enabled=\u00bb0&#8243; global_colors_info=\u00bb{}\u00bb module_id=\u00bbENCOFRADOS\u00bb sticky_enabled=\u00bb0&#8243;][et_pb_column type=\u00bb2_3&#8243; _builder_version=\u00bb4.22.1&#8243; _module_preset=\u00bbdefault\u00bb global_colors_info=\u00bb{}\u00bb][et_pb_blurb title=\u00bbENCOFRADOS\u00bb image_icon_background_color=\u00bb#ff6600&#8243; image=\u00bbhttps:\/\/mobralevante.es\/ventas\/wp-content\/uploads\/2022\/10\/ENCOFRADO-DE-TECHO-DE-CUBETAS-RECUPERABLES-2.jpg\u00bb alt=\u00bbENCOFRADO DE TECHO DE CUBETAS RECUPERABLES\u00bb image_icon_width=\u00bb95%\u00bb _builder_version=\u00bb4.23&#8243; _module_preset=\u00bbdefault\u00bb header_level=\u00bbh1&#8243; header_font=\u00bb|800|||||||\u00bb custom_padding=\u00bb|||8px||\u00bb border_radii=\u00bbon|25px|25px|25px|25px\u00bb border_color_all=\u00bb#ff6600&#8243; border_radii_image=\u00bbon|26px|26px|26px|26px\u00bb border_width_all_image=\u00bb15px\u00bb border_color_all_image=\u00bb#ff6600&#8243; global_colors_info=\u00bb{}\u00bb][\/et_pb_blurb][\/et_pb_column][et_pb_column type=\u00bb1_3&#8243; _builder_version=\u00bb4.22.1&#8243; _module_preset=\u00bbdefault\u00bb global_colors_info=\u00bb{}\u00bb][et_pb_blurb title=\u00bb4 &#8211; ENCOFRADO DE TECHO\u00bb image_icon_background_color=\u00bb#ff6600&#8243; alt=\u00bbENCOFRADO DE TECHO DE CUBETAS RECUPERABLES\u00bb image_icon_width=\u00bb95%\u00bb _builder_version=\u00bb4.23&#8243; _module_preset=\u00bbdefault\u00bb header_level=\u00bbh1&#8243; header_font=\u00bb|800|||||||\u00bb custom_margin=\u00bb|||-40px||\u00bb custom_margin_tablet=\u00bb|||-40px||\u00bb custom_margin_phone=\u00bb|||0px|false|false\u00bb custom_margin_last_edited=\u00bbon|phone\u00bb custom_padding=\u00bb|||13px||\u00bb custom_padding_tablet=\u00bb|||13px||\u00bb custom_padding_phone=\u00bb|||29px|false|false\u00bb custom_padding_last_edited=\u00bbon|phone\u00bb border_radii=\u00bbon|25px|25px|25px|25px\u00bb border_color_all=\u00bb#ff6600&#8243; border_radii_image=\u00bbon|26px|26px|26px|26px\u00bb border_width_all_image=\u00bb15px\u00bb border_color_all_image=\u00bb#ff6600&#8243; global_colors_info=\u00bb{}\u00bb]<\/p>\n<ul>\n<li>TABLEROS TRICAPA<\/li>\n<li>ENCOFRADOS RETICULARES<\/li>\n<li>PUNTALES TELESC\u00d3PICOS<\/li>\n<li>TABICAS<\/li>\n<li>CUBETAS<\/li>\n<\/ul>\n<p>[\/et_pb_blurb][et_pb_blurb title=\u00bb5 &#8211; ENCOFRADOS DE PILARES\u00bb image_icon_background_color=\u00bb#ff6600&#8243; alt=\u00bbENCOFRADO DE PILARES\u00bb image_icon_width=\u00bb95%\u00bb _builder_version=\u00bb4.24.1&#8243; _module_preset=\u00bbdefault\u00bb header_level=\u00bbh1&#8243; header_font=\u00bb|800|||||||\u00bb custom_margin=\u00bb|||-40px||\u00bb custom_margin_tablet=\u00bb|||-40px||\u00bb custom_margin_phone=\u00bb|||0px|false|false\u00bb custom_margin_last_edited=\u00bbon|phone\u00bb custom_padding=\u00bb|||13px||\u00bb custom_padding_tablet=\u00bb|||13px||\u00bb custom_padding_phone=\u00bb|||29px|false|false\u00bb custom_padding_last_edited=\u00bbon|phone\u00bb hover_enabled=\u00bb0&#8243; header_font_size_tablet=\u00bb\u00bb header_font_size_phone=\u00bb22px\u00bb header_font_size_last_edited=\u00bbon|phone\u00bb border_radii=\u00bbon|25px|25px|25px|25px\u00bb border_color_all=\u00bb#ff6600&#8243; border_radii_image=\u00bbon|26px|26px|26px|26px\u00bb border_width_all_image=\u00bb15px\u00bb border_color_all_image=\u00bb#ff6600&#8243; global_colors_info=\u00bb{}\u00bb module_id=\u00bbENCOFRADOS DE PILARES\u00bb sticky_enabled=\u00bb0&#8243;]<\/p>\n<ul>\n<li>ENCOFRADO LIGERO<\/li>\n<li>ENCOFRADO REFORZADO<\/li>\n<\/ul>\n<p>[\/et_pb_blurb][et_pb_blurb title=\u00bb6 &#8211; ENCOFRADOS DE MURO\u00bb image_icon_background_color=\u00bb#ff6600&#8243; image_icon_width=\u00bb95%\u00bb _builder_version=\u00bb4.24.1&#8243; _module_preset=\u00bbdefault\u00bb header_level=\u00bbh1&#8243; header_font=\u00bb|800|||||||\u00bb custom_margin=\u00bb|||-40px||\u00bb custom_margin_tablet=\u00bb|||-40px||\u00bb custom_margin_phone=\u00bb|||0px|false|false\u00bb custom_margin_last_edited=\u00bbon|phone\u00bb custom_padding=\u00bb|||13px||\u00bb custom_padding_tablet=\u00bb|||13px||\u00bb custom_padding_phone=\u00bb|||29px|false|false\u00bb custom_padding_last_edited=\u00bbon|phone\u00bb hover_enabled=\u00bb0&#8243; border_radii=\u00bbon|25px|25px|25px|25px\u00bb border_color_all=\u00bb#ff6600&#8243; border_radii_image=\u00bbon|26px|26px|26px|26px\u00bb border_width_all_image=\u00bb15px\u00bb border_color_all_image=\u00bb#ff6600&#8243; global_colors_info=\u00bb{}\u00bb module_id=\u00bbENCOFRADOS DE MURO\u00bb sticky_enabled=\u00bb0&#8243;]<\/p>\n<ul>\n<li>CIRCULAR<\/li>\n<li>FEN\u00d3LICO (LIRIA)<\/li>\n<li>VELAS ESTABILIZADORAS<\/li>\n<\/ul>\n<p>[\/et_pb_blurb][\/et_pb_column][\/et_pb_row][et_pb_row column_structure=\u00bb1_5,1_5,1_5,1_5,1_5&#8243; _builder_version=\u00bb4.23&#8243; _module_preset=\u00bbdefault\u00bb global_colors_info=\u00bb{}\u00bb][et_pb_column type=\u00bb1_5&#8243; _builder_version=\u00bb4.23&#8243; _module_preset=\u00bbdefault\u00bb global_colors_info=\u00bb{}\u00bb][et_pb_image src=\u00bbhttps:\/\/mobralevante.es\/ventas\/wp-content\/uploads\/2022\/10\/ENCOFRADO-DE-LOSA-2.jpg\u00bb alt=\u00bbENCOFRADO DE LOSA\u00bb title_text=\u00bbENCOFRADO DE LOSA\u00bb _builder_version=\u00bb4.23&#8243; _module_preset=\u00bbdefault\u00bb global_colors_info=\u00bb{}\u00bb][\/et_pb_image][\/et_pb_column][et_pb_column type=\u00bb1_5&#8243; _builder_version=\u00bb4.23&#8243; _module_preset=\u00bbdefault\u00bb global_colors_info=\u00bb{}\u00bb][et_pb_image src=\u00bbhttps:\/\/mobralevante.es\/ventas\/wp-content\/uploads\/2022\/10\/ENCOFRADO-DE-MURO-CIRCULAR.jpg\u00bb alt=\u00bbENCOFRADO DE MURO CIRCULAR\u00bb title_text=\u00bbENCOFRADO DE MURO CIRCULAR\u00bb _builder_version=\u00bb4.23&#8243; _module_preset=\u00bbdefault\u00bb global_colors_info=\u00bb{}\u00bb][\/et_pb_image][\/et_pb_column][et_pb_column type=\u00bb1_5&#8243; _builder_version=\u00bb4.23&#8243; _module_preset=\u00bbdefault\u00bb global_colors_info=\u00bb{}\u00bb][et_pb_image src=\u00bbhttps:\/\/mobralevante.es\/ventas\/wp-content\/uploads\/2022\/10\/ENCOFRADO-DE-LOSA.jpg\u00bb alt=\u00bbENCOFRADO DE LOSA\u00bb title_text=\u00bbENCOFRADO DE LOSA\u00bb _builder_version=\u00bb4.23&#8243; _module_preset=\u00bbdefault\u00bb global_colors_info=\u00bb{}\u00bb][\/et_pb_image][\/et_pb_column][et_pb_column type=\u00bb1_5&#8243; _builder_version=\u00bb4.23&#8243; _module_preset=\u00bbdefault\u00bb global_colors_info=\u00bb{}\u00bb][et_pb_image src=\u00bbhttps:\/\/mobralevante.es\/ventas\/wp-content\/uploads\/2022\/10\/ENCOFRADO-DE-PILARES.jpg\u00bb alt=\u00bbENCOFRADO DE PILARES\u00bb title_text=\u00bbENCOFRADO DE PILARES\u00bb _builder_version=\u00bb4.23&#8243; _module_preset=\u00bbdefault\u00bb global_colors_info=\u00bb{}\u00bb][\/et_pb_image][\/et_pb_column][et_pb_column type=\u00bb1_5&#8243; _builder_version=\u00bb4.23&#8243; _module_preset=\u00bbdefault\u00bb global_colors_info=\u00bb{}\u00bb][et_pb_image src=\u00bbhttps:\/\/mobralevante.es\/ventas\/wp-content\/uploads\/2022\/10\/ENCOFRADO-DE-TECHO-2.jpg\u00bb alt=\u00bbENCOFRADO DE TECHO\u00bb title_text=\u00bbENCOFRADO DE TECHO\u00bb _builder_version=\u00bb4.23&#8243; _module_preset=\u00bbdefault\u00bb global_colors_info=\u00bb{}\u00bb][\/et_pb_image][\/et_pb_column][\/et_pb_row][et_pb_row _builder_version=\u00bb4.22.2&#8243; _module_preset=\u00bbdefault\u00bb global_colors_info=\u00bb{}\u00bb][et_pb_column type=\u00bb4_4&#8243; _builder_version=\u00bb4.22.2&#8243; _module_preset=\u00bbdefault\u00bb global_colors_info=\u00bb{}\u00bb][et_pb_divider color=\u00bb#000000&#8243; divider_weight=\u00bb7px\u00bb _builder_version=\u00bb4.22.2&#8243; _module_preset=\u00bbdefault\u00bb background_enable_color=\u00bboff\u00bb global_colors_info=\u00bb{}\u00bb][\/et_pb_divider][\/et_pb_column][\/et_pb_row][\/et_pb_section][et_pb_section fb_built=\u00bb1&#8243; _builder_version=\u00bb4.22.2&#8243; _module_preset=\u00bbdefault\u00bb background_enable_pattern_style=\u00bbon\u00bb background_pattern_style=\u00bbdiagonal-stripes-2&#8243; background_pattern_color=\u00bbrgba(216,132,6,0.13)\u00bb background_pattern_size=\u00bbstretch\u00bb global_colors_info=\u00bb{}\u00bb][et_pb_row column_structure=\u00bb2_3,1_3&#8243; _builder_version=\u00bb4.24.1&#8243; _module_preset=\u00bbdefault\u00bb width=\u00bb100%\u00bb max_width=\u00bb1503px\u00bb hover_enabled=\u00bb0&#8243; global_colors_info=\u00bb{}\u00bb module_id=\u00bbSISTEMAS DE ANDAMIO\u00bb sticky_enabled=\u00bb0&#8243;][et_pb_column type=\u00bb2_3&#8243; _builder_version=\u00bb4.22.1&#8243; _module_preset=\u00bbdefault\u00bb global_colors_info=\u00bb{}\u00bb][et_pb_blurb title=\u00bbSISTEMAS DE ANDAMIO\u00bb image_icon_background_color=\u00bb#ff6600&#8243; image=\u00bbhttps:\/\/mobralevante.es\/ventas\/wp-content\/uploads\/2022\/10\/76.jpg\u00bb alt=\u00bbANDAMIO EL\u00c9CTRICO BIMASTIL\u00bb image_icon_width=\u00bb95%\u00bb _builder_version=\u00bb4.23&#8243; _module_preset=\u00bbdefault\u00bb header_level=\u00bbh1&#8243; header_font=\u00bb|800|||||||\u00bb custom_padding=\u00bb|||21px||\u00bb border_radii=\u00bbon|25px|25px|25px|25px\u00bb border_color_all=\u00bb#ff6600&#8243; border_radii_image=\u00bbon|26px|26px|26px|26px\u00bb border_width_all_image=\u00bb15px\u00bb border_color_all_image=\u00bb#ff6600&#8243; global_colors_info=\u00bb{}\u00bb][\/et_pb_blurb][\/et_pb_column][et_pb_column type=\u00bb1_3&#8243; _builder_version=\u00bb4.22.1&#8243; _module_preset=\u00bbdefault\u00bb global_colors_info=\u00bb{}\u00bb][et_pb_blurb title=\u00bb7 &#8211; SISTEMAS DE ANDAMIO\u00bb image_icon_background_color=\u00bb#ff6600&#8243; alt=\u00bbANDAMIO EL\u00c9CTRICO BIMASTIL\u00bb image_icon_width=\u00bb95%\u00bb _builder_version=\u00bb4.23&#8243; _module_preset=\u00bbdefault\u00bb header_level=\u00bbh1&#8243; header_font=\u00bb|800|||||||\u00bb custom_margin=\u00bb|||-40px||\u00bb custom_margin_tablet=\u00bb|||-40px||\u00bb custom_margin_phone=\u00bb|||0px|false|false\u00bb custom_margin_last_edited=\u00bbon|phone\u00bb custom_padding=\u00bb|||13px||\u00bb custom_padding_tablet=\u00bb|||13px||\u00bb custom_padding_phone=\u00bb|||29px|false|false\u00bb custom_padding_last_edited=\u00bbon|phone\u00bb border_radii=\u00bbon|25px|25px|25px|25px\u00bb border_color_all=\u00bb#ff6600&#8243; border_radii_image=\u00bbon|26px|26px|26px|26px\u00bb border_width_all_image=\u00bb15px\u00bb border_color_all_image=\u00bb#ff6600&#8243; global_colors_info=\u00bb{}\u00bb]<\/p>\n<ul>\n<li>ANDAMIO FACHADA EUROPEO<\/li>\n<li>ANDAMIO COLGANTE EL\u00c9CTRICO<\/li>\n<li>ANDAMIO EL\u00c9CTRICO CREMALLERA<\/li>\n<li>TORRES MOVILES ALUMINIO<\/li>\n<li>ESCALERAS ACCESO OBRA<\/li>\n<\/ul>\n<p>[\/et_pb_blurb][\/et_pb_column][\/et_pb_row][et_pb_row column_structure=\u00bb1_4,1_4,1_4,1_4&#8243; _builder_version=\u00bb4.23&#8243; _module_preset=\u00bbdefault\u00bb global_colors_info=\u00bb{}\u00bb][et_pb_column type=\u00bb1_4&#8243; _builder_version=\u00bb4.23&#8243; _module_preset=\u00bbdefault\u00bb global_colors_info=\u00bb{}\u00bb][et_pb_image src=\u00bbhttps:\/\/mobralevante.es\/ventas\/wp-content\/uploads\/2022\/10\/ANDAMIO-DE-FACHADA-_CONTRATORRES.jpg\u00bb alt=\u00bbANDAMIO DE FACHADA _CONTRATORRES\u00bb title_text=\u00bbANDAMIO DE FACHADA _CONTRATORRES\u00bb _builder_version=\u00bb4.23&#8243; _module_preset=\u00bbdefault\u00bb global_colors_info=\u00bb{}\u00bb][\/et_pb_image][\/et_pb_column][et_pb_column type=\u00bb1_4&#8243; _builder_version=\u00bb4.23&#8243; _module_preset=\u00bbdefault\u00bb global_colors_info=\u00bb{}\u00bb][et_pb_image src=\u00bbhttps:\/\/mobralevante.es\/ventas\/wp-content\/uploads\/2022\/10\/ANDAMIO-COLGANTE-ELECTRICO.jpg\u00bb alt=\u00bbANDAMIO COLGANTE ELECTRICO\u00bb title_text=\u00bbANDAMIO COLGANTE ELECTRICO\u00bb _builder_version=\u00bb4.23&#8243; _module_preset=\u00bbdefault\u00bb global_colors_info=\u00bb{}\u00bb][\/et_pb_image][\/et_pb_column][et_pb_column type=\u00bb1_4&#8243; _builder_version=\u00bb4.23&#8243; _module_preset=\u00bbdefault\u00bb global_colors_info=\u00bb{}\u00bb][et_pb_image src=\u00bbhttps:\/\/mobralevante.es\/ventas\/wp-content\/uploads\/2022\/10\/MONTACARGAS-DE-CREMALLERA.jpg\u00bb alt=\u00bbMONTACARGAS DE CREMALLERA\u00bb title_text=\u00bbMONTACARGAS DE CREMALLERA\u00bb _builder_version=\u00bb4.23&#8243; _module_preset=\u00bbdefault\u00bb global_colors_info=\u00bb{}\u00bb][\/et_pb_image][\/et_pb_column][et_pb_column type=\u00bb1_4&#8243; _builder_version=\u00bb4.23&#8243; _module_preset=\u00bbdefault\u00bb global_colors_info=\u00bb{}\u00bb][et_pb_image src=\u00bbhttps:\/\/mobralevante.es\/ventas\/wp-content\/uploads\/2022\/10\/ANDAMIO-EUROPEO-EJECUCION-DE-FACHADA.jpg\u00bb alt=\u00bbANDAMIO EUROPEO EJECUCION DE FACHADA\u00bb title_text=\u00bbANDAMIO EUROPEO EJECUCION DE FACHADA\u00bb _builder_version=\u00bb4.23&#8243; _module_preset=\u00bbdefault\u00bb global_colors_info=\u00bb{}\u00bb][\/et_pb_image][\/et_pb_column][\/et_pb_row][et_pb_row _builder_version=\u00bb4.22.2&#8243; _module_preset=\u00bbdefault\u00bb global_colors_info=\u00bb{}\u00bb][et_pb_column type=\u00bb4_4&#8243; _builder_version=\u00bb4.22.2&#8243; _module_preset=\u00bbdefault\u00bb global_colors_info=\u00bb{}\u00bb][et_pb_divider color=\u00bb#000000&#8243; divider_weight=\u00bb7px\u00bb _builder_version=\u00bb4.22.2&#8243; _module_preset=\u00bbdefault\u00bb background_enable_color=\u00bboff\u00bb global_colors_info=\u00bb{}\u00bb][\/et_pb_divider][\/et_pb_column][\/et_pb_row][et_pb_row column_structure=\u00bb2_3,1_3&#8243; _builder_version=\u00bb4.24.1&#8243; _module_preset=\u00bbdefault\u00bb width=\u00bb100%\u00bb max_width=\u00bb1503px\u00bb hover_enabled=\u00bb0&#8243; global_colors_info=\u00bb{}\u00bb module_id=\u00bbSISTEMAS DE ELEVACI\u00d3N\u00bb sticky_enabled=\u00bb0&#8243;][et_pb_column type=\u00bb2_3&#8243; _builder_version=\u00bb4.22.1&#8243; _module_preset=\u00bbdefault\u00bb global_colors_info=\u00bb{}\u00bb][et_pb_blurb title=\u00bbSISTEMAS DE ELEVACI\u00d3N\u00bb image_icon_background_color=\u00bb#ff6600&#8243; image=\u00bbhttps:\/\/mobralevante.es\/ventas\/wp-content\/uploads\/2022\/10\/MONTAJE-DE-GRUA-TORRE.jpg\u00bb alt=\u00bbMONTAJE DE GRUA TORRE\u00bb image_icon_width=\u00bb95%\u00bb _builder_version=\u00bb4.23&#8243; _module_preset=\u00bbdefault\u00bb header_level=\u00bbh1&#8243; header_font=\u00bb|800|||||||\u00bb custom_padding=\u00bb0px|||14px||\u00bb border_radii=\u00bbon|25px|25px|25px|25px\u00bb border_color_all=\u00bb#ff6600&#8243; border_radii_image=\u00bbon|26px|26px|26px|26px\u00bb border_width_all_image=\u00bb15px\u00bb border_color_all_image=\u00bb#ff6600&#8243; global_colors_info=\u00bb{}\u00bb][\/et_pb_blurb][\/et_pb_column][et_pb_column type=\u00bb1_3&#8243; _builder_version=\u00bb4.22.1&#8243; _module_preset=\u00bbdefault\u00bb global_colors_info=\u00bb{}\u00bb][et_pb_blurb title=\u00bb8 &#8211; SISTEMAS DE ELEVACI\u00d3N\u00bb image_icon_background_color=\u00bb#ff6600&#8243; alt=\u00bbANDAMIO EL\u00c9CTRICO BIMASTIL\u00bb image_icon_width=\u00bb95%\u00bb _builder_version=\u00bb4.23&#8243; _module_preset=\u00bbdefault\u00bb header_level=\u00bbh1&#8243; header_font=\u00bb|800|||||||\u00bb custom_margin=\u00bb|||-40px||\u00bb custom_margin_tablet=\u00bb|||-40px||\u00bb custom_margin_phone=\u00bb|||0px|false|false\u00bb custom_margin_last_edited=\u00bbon|phone\u00bb custom_padding=\u00bb|||13px||\u00bb custom_padding_tablet=\u00bb|||13px||\u00bb custom_padding_phone=\u00bb|||29px|false|false\u00bb custom_padding_last_edited=\u00bbon|phone\u00bb border_radii=\u00bbon|25px|25px|25px|25px\u00bb border_color_all=\u00bb#ff6600&#8243; border_radii_image=\u00bbon|26px|26px|26px|26px\u00bb border_width_all_image=\u00bb15px\u00bb border_color_all_image=\u00bb#ff6600&#8243; global_colors_info=\u00bb{}\u00bb]<\/p>\n<ul>\n<li>GRUAS TORRE<\/li>\n<li>GRUAS AUTOMONTANTES<\/li>\n<li>MONTACARGAS DE FACHADA<\/li>\n<\/ul>\n<p>[\/et_pb_blurb][\/et_pb_column][\/et_pb_row][et_pb_row _builder_version=\u00bb4.22.2&#8243; _module_preset=\u00bbdefault\u00bb global_colors_info=\u00bb{}\u00bb][et_pb_column type=\u00bb4_4&#8243; _builder_version=\u00bb4.22.2&#8243; _module_preset=\u00bbdefault\u00bb global_colors_info=\u00bb{}\u00bb][et_pb_divider color=\u00bb#000000&#8243; divider_weight=\u00bb7px\u00bb _builder_version=\u00bb4.22.2&#8243; _module_preset=\u00bbdefault\u00bb background_enable_color=\u00bboff\u00bb global_colors_info=\u00bb{}\u00bb][\/et_pb_divider][\/et_pb_column][\/et_pb_row][et_pb_row column_structure=\u00bb2_3,1_3&#8243; _builder_version=\u00bb4.24.1&#8243; _module_preset=\u00bbdefault\u00bb width=\u00bb100%\u00bb max_width=\u00bb1503px\u00bb hover_enabled=\u00bb0&#8243; global_colors_info=\u00bb{}\u00bb admin_label=\u00bb\u00daTILES Y CONSUMIBLES\u00bb sticky_enabled=\u00bb0&#8243; module_id=\u00bb\u00daTILES Y CONSUMIBLES\u00bb][et_pb_column type=\u00bb2_3&#8243; _builder_version=\u00bb4.22.1&#8243; _module_preset=\u00bbdefault\u00bb global_colors_info=\u00bb{}\u00bb][et_pb_blurb title=\u00bb\u00daTILES Y CONSUMIBLES\u00bb image_icon_background_color=\u00bb#ff6600&#8243; image=\u00bbhttps:\/\/mobralevante.es\/ventas\/wp-content\/uploads\/2023\/01\/mobra-imagenes-para-banners-web10-1.jpg\u00bb alt=\u00bbMONTAJE DE GRUA TORRE\u00bb image_icon_width=\u00bb95%\u00bb _builder_version=\u00bb4.23&#8243; _module_preset=\u00bbdefault\u00bb header_level=\u00bbh1&#8243; header_font=\u00bb|800|||||||\u00bb custom_padding=\u00bb|||16px||\u00bb border_radii=\u00bbon|25px|25px|25px|25px\u00bb border_color_all=\u00bb#ff6600&#8243; border_radii_image=\u00bbon|26px|26px|26px|26px\u00bb border_width_all_image=\u00bb15px\u00bb border_color_all_image=\u00bb#ff6600&#8243; global_colors_info=\u00bb{}\u00bb][\/et_pb_blurb][\/et_pb_column][et_pb_column type=\u00bb1_3&#8243; _builder_version=\u00bb4.22.1&#8243; _module_preset=\u00bbdefault\u00bb global_colors_info=\u00bb{}\u00bb][et_pb_blurb title=\u00bb9 &#8211; \u00daTILES Y CONSUMIBLES\u00bb image_icon_background_color=\u00bb#ff6600&#8243; alt=\u00bbMONTAJE DE GRUA TORRE\u00bb image_icon_width=\u00bb95%\u00bb _builder_version=\u00bb4.23&#8243; _module_preset=\u00bbdefault\u00bb header_level=\u00bbh1&#8243; header_font=\u00bb|800|||||||\u00bb custom_margin=\u00bb|||-40px||\u00bb custom_margin_tablet=\u00bb|||-40px||\u00bb custom_margin_phone=\u00bb|||0px|false|false\u00bb custom_margin_last_edited=\u00bbon|phone\u00bb custom_padding=\u00bb|||13px||\u00bb custom_padding_tablet=\u00bb|||13px||\u00bb custom_padding_phone=\u00bb|||29px|false|false\u00bb custom_padding_last_edited=\u00bbon|phone\u00bb border_radii=\u00bbon|25px|25px|25px|25px\u00bb border_color_all=\u00bb#ff6600&#8243; border_radii_image=\u00bbon|26px|26px|26px|26px\u00bb border_width_all_image=\u00bb15px\u00bb border_color_all_image=\u00bb#ff6600&#8243; global_colors_info=\u00bb{}\u00bb]<\/p>\n<ul>\n<li>PUNTAS DE ACERO<\/li>\n<li>ALAMBRE FERRALLA<\/li>\n<li>FLEJE PERFORADO<\/li>\n<li>BROCAS<\/li>\n<li>DISCOS DIAMANTE<\/li>\n<li>DISCOS ABRASIVOS<\/li>\n<li>DESENCOFRANTES<\/li>\n<li>NERVOMETAL<\/li>\n<li>ANCLAJES<\/li>\n<\/ul>\n<ul>\n<li>SEPARADORES DE HORMIG\u00d3N<\/li>\n<li>SEPARADORES DE PL\u00c1STICO<\/li>\n<li>TUBO PVC, CONOS Y TAPONES<\/li>\n<li>SETAS PROTECTORAS<\/li>\n<li>BERENJENAS PVC<\/li>\n<li>AZULETES Y TIRAL\u00cdNEAS<\/li>\n<li>SPRAY DE MARCAJE<\/li>\n<li>PUNTAS<\/li>\n<\/ul>\n<p>[\/et_pb_blurb][\/et_pb_column][\/et_pb_row][et_pb_row _builder_version=\u00bb4.22.2&#8243; _module_preset=\u00bbdefault\u00bb global_colors_info=\u00bb{}\u00bb][et_pb_column type=\u00bb4_4&#8243; _builder_version=\u00bb4.22.2&#8243; _module_preset=\u00bbdefault\u00bb global_colors_info=\u00bb{}\u00bb][et_pb_divider color=\u00bb#000000&#8243; divider_weight=\u00bb7px\u00bb _builder_version=\u00bb4.22.2&#8243; _module_preset=\u00bbdefault\u00bb background_enable_color=\u00bboff\u00bb global_colors_info=\u00bb{}\u00bb][\/et_pb_divider][\/et_pb_column][\/et_pb_row][\/et_pb_section]<\/p>\n","protected":false},"excerpt":{"rendered":"<p>Descubre en VENTAS MOBRA nuestra amplia selecci\u00f3n en maquinaria y herramientas para la obra, respaldada por marcas l\u00edderes y ofreciendo soluciones avanzadas y eficientes. Encuentra todo lo que necesitas para potenciar tus proyectos con calidad y rendimiento incomparables.MAQUINARIA LIGERA PROTECCI\u00d3N ENCOFRADOS SISTEMAS DE ANDAMIO SISTEMAS DE ELEVACI\u00d3N \u00daTILES Y CONSUMIBLESDesde martillos rotativos y amoladoras hasta [&hellip;]<\/p>\n","protected":false},"author":1,"featured_media":0,"parent":0,"menu_order":0,"comment_status":"closed","ping_status":"closed","template":"","meta":{"_et_pb_use_builder":"on","_et_pb_old_content":"","_et_gb_content_width":"","footnotes":""},"yoast_head":"<!-- This site is optimized with the Yoast SEO plugin v23.4 - https:\/\/yoast.com\/wordpress\/plugins\/seo\/ -->\n<title>VENTAS MOBRA - Mobra Levante, maquinaria para obra<\/title>\n<meta name=\"description\" content=\"Descubre en VENTAS MOBRA nuestra amplia selecci\u00f3n respaldada por marcas l\u00edderes, ofreciendo soluciones avanzadas y eficientes.\" \/>\n<meta name=\"robots\" content=\"index, follow, max-snippet:-1, max-image-preview:large, max-video-preview:-1\" \/>\n<link rel=\"canonical\" href=\"https:\/\/mobralevante.es\/ventas\/ventas-mobra\/\" \/>\n<meta property=\"og:locale\" content=\"es_ES\" \/>\n<meta property=\"og:type\" content=\"article\" \/>\n<meta property=\"og:title\" content=\"VENTAS MOBRA - Mobra Levante, maquinaria para obra\" \/>\n<meta property=\"og:description\" content=\"Descubre en VENTAS MOBRA nuestra amplia selecci\u00f3n respaldada por marcas l\u00edderes, ofreciendo soluciones avanzadas y eficientes.\" \/>\n<meta property=\"og:url\" content=\"https:\/\/mobralevante.es\/ventas\/ventas-mobra\/\" \/>\n<meta property=\"og:site_name\" content=\"Mobra Levante, maquinaria para obra\" \/>\n<meta property=\"article:modified_time\" content=\"2024-02-27T18:30:08+00:00\" \/>\n<meta name=\"twitter:card\" content=\"summary_large_image\" \/>\n<script type=\"application\/ld+json\" class=\"yoast-schema-graph\">{\"@context\":\"https:\/\/schema.org\",\"@graph\":[{\"@type\":\"WebPage\",\"@id\":\"https:\/\/mobralevante.es\/ventas\/ventas-mobra\/\",\"url\":\"https:\/\/mobralevante.es\/ventas\/ventas-mobra\/\",\"name\":\"VENTAS MOBRA - Mobra Levante, maquinaria para obra\",\"isPartOf\":{\"@id\":\"https:\/\/mobralevante.es\/ventas\/#website\"},\"datePublished\":\"2023-10-24T20:29:32+00:00\",\"dateModified\":\"2024-02-27T18:30:08+00:00\",\"description\":\"Descubre en VENTAS MOBRA nuestra amplia selecci\u00f3n respaldada por marcas l\u00edderes, ofreciendo soluciones avanzadas y eficientes.\",\"breadcrumb\":{\"@id\":\"https:\/\/mobralevante.es\/ventas\/ventas-mobra\/#breadcrumb\"},\"inLanguage\":\"es\",\"potentialAction\":[{\"@type\":\"ReadAction\",\"target\":[\"https:\/\/mobralevante.es\/ventas\/ventas-mobra\/\"]}]},{\"@type\":\"BreadcrumbList\",\"@id\":\"https:\/\/mobralevante.es\/ventas\/ventas-mobra\/#breadcrumb\",\"itemListElement\":[{\"@type\":\"ListItem\",\"position\":1,\"name\":\"Portada\",\"item\":\"https:\/\/mobralevante.es\/ventas\/\"},{\"@type\":\"ListItem\",\"position\":2,\"name\":\"VENTAS MOBRA\"}]},{\"@type\":\"WebSite\",\"@id\":\"https:\/\/mobralevante.es\/ventas\/#website\",\"url\":\"https:\/\/mobralevante.es\/ventas\/\",\"name\":\"Mobra Levante, maquinaria para obra\",\"description\":\"Mobra levante ventas\",\"potentialAction\":[{\"@type\":\"SearchAction\",\"target\":{\"@type\":\"EntryPoint\",\"urlTemplate\":\"https:\/\/mobralevante.es\/ventas\/?s={search_term_string}\"},\"query-input\":{\"@type\":\"PropertyValueSpecification\",\"valueRequired\":true,\"valueName\":\"search_term_string\"}}],\"inLanguage\":\"es\"}]}<\/script>\n<!-- \/ Yoast SEO plugin. -->","yoast_head_json":{"title":"VENTAS MOBRA - Mobra Levante, maquinaria para obra","description":"Descubre en VENTAS MOBRA nuestra amplia selecci\u00f3n respaldada por marcas l\u00edderes, ofreciendo soluciones avanzadas y eficientes.","robots":{"index":"index","follow":"follow","max-snippet":"max-snippet:-1","max-image-preview":"max-image-preview:large","max-video-preview":"max-video-preview:-1"},"canonical":"https:\/\/mobralevante.es\/ventas\/ventas-mobra\/","og_locale":"es_ES","og_type":"article","og_title":"VENTAS MOBRA - Mobra Levante, maquinaria para obra","og_description":"Descubre en VENTAS MOBRA nuestra amplia selecci\u00f3n respaldada por marcas l\u00edderes, ofreciendo soluciones avanzadas y eficientes.","og_url":"https:\/\/mobralevante.es\/ventas\/ventas-mobra\/","og_site_name":"Mobra Levante, maquinaria para obra","article_modified_time":"2024-02-27T18:30:08+00:00","twitter_card":"summary_large_image","schema":{"@context":"https:\/\/schema.org","@graph":[{"@type":"WebPage","@id":"https:\/\/mobralevante.es\/ventas\/ventas-mobra\/","url":"https:\/\/mobralevante.es\/ventas\/ventas-mobra\/","name":"VENTAS MOBRA - Mobra Levante, maquinaria para obra","isPartOf":{"@id":"https:\/\/mobralevante.es\/ventas\/#website"},"datePublished":"2023-10-24T20:29:32+00:00","dateModified":"2024-02-27T18:30:08+00:00","description":"Descubre en VENTAS MOBRA nuestra amplia selecci\u00f3n respaldada por marcas l\u00edderes, ofreciendo soluciones avanzadas y eficientes.","breadcrumb":{"@id":"https:\/\/mobralevante.es\/ventas\/ventas-mobra\/#breadcrumb"},"inLanguage":"es","potentialAction":[{"@type":"ReadAction","target":["https:\/\/mobralevante.es\/ventas\/ventas-mobra\/"]}]},{"@type":"BreadcrumbList","@id":"https:\/\/mobralevante.es\/ventas\/ventas-mobra\/#breadcrumb","itemListElement":[{"@type":"ListItem","position":1,"name":"Portada","item":"https:\/\/mobralevante.es\/ventas\/"},{"@type":"ListItem","position":2,"name":"VENTAS MOBRA"}]},{"@type":"WebSite","@id":"https:\/\/mobralevante.es\/ventas\/#website","url":"https:\/\/mobralevante.es\/ventas\/","name":"Mobra Levante, maquinaria para obra","description":"Mobra levante ventas","potentialAction":[{"@type":"SearchAction","target":{"@type":"EntryPoint","urlTemplate":"https:\/\/mobralevante.es\/ventas\/?s={search_term_string}"},"query-input":{"@type":"PropertyValueSpecification","valueRequired":true,"valueName":"search_term_string"}}],"inLanguage":"es"}]}},"_links":{"self":[{"href":"https:\/\/mobralevante.es\/ventas\/wp-json\/wp\/v2\/pages\/210543"}],"collection":[{"href":"https:\/\/mobralevante.es\/ventas\/wp-json\/wp\/v2\/pages"}],"about":[{"href":"https:\/\/mobralevante.es\/ventas\/wp-json\/wp\/v2\/types\/page"}],"author":[{"embeddable":true,"href":"https:\/\/mobralevante.es\/ventas\/wp-json\/wp\/v2\/users\/1"}],"replies":[{"embeddable":true,"href":"https:\/\/mobralevante.es\/ventas\/wp-json\/wp\/v2\/comments?post=210543"}],"version-history":[{"count":14,"href":"https:\/\/mobralevante.es\/ventas\/wp-json\/wp\/v2\/pages\/210543\/revisions"}],"predecessor-version":[{"id":211081,"href":"https:\/\/mobralevante.es\/ventas\/wp-json\/wp\/v2\/pages\/210543\/revisions\/211081"}],"wp:attachment":[{"href":"https:\/\/mobralevante.es\/ventas\/wp-json\/wp\/v2\/media?parent=210543"}],"curies":[{"name":"wp","href":"https:\/\/api.w.org\/{rel}","templated":true}]}}