{"id":210414,"date":"2023-09-26T15:38:06","date_gmt":"2023-09-26T15:38:06","guid":{"rendered":"https:\/\/mobralevante.es\/ventas\/?page_id=210414"},"modified":"2024-02-27T19:00:35","modified_gmt":"2024-02-27T19:00:35","slug":"alquileres","status":"publish","type":"page","link":"https:\/\/mobralevante.es\/ventas\/home-mobra\/alquileres\/","title":{"rendered":"ALQUILER MOBRA"},"content":{"rendered":"<p>[et_pb_section fb_built=\u00bb1&#8243; fullwidth=\u00bbon\u00bb custom_padding_last_edited=\u00bbon|desktop\u00bb admin_label=\u00bbHero Section\u00bb _builder_version=\u00bb4.23&#8243; background_image=\u00bbhttps:\/\/mobralevante.es\/ventas\/wp-content\/uploads\/2024\/02\/ALQUILER-BANNER-1.jpg\u00bb width_tablet=\u00bb\u00bb width_phone=\u00bb\u00bb width_last_edited=\u00bbon|phone\u00bb max_width_tablet=\u00bb\u00bb max_width_phone=\u00bb100%\u00bb max_width_last_edited=\u00bbon|phone\u00bb min_height_tablet=\u00bb\u00bb min_height_phone=\u00bb\u00bb min_height_last_edited=\u00bbon|phone\u00bb height_tablet=\u00bb\u00bb height_phone=\u00bb100px\u00bb height_last_edited=\u00bbon|phone\u00bb max_height_tablet=\u00bb\u00bb max_height_phone=\u00bb\u00bb max_height_last_edited=\u00bbon|phone\u00bb custom_margin=\u00bb0px||||false|false\u00bb custom_margin_tablet=\u00bb0px||||false|false\u00bb custom_margin_phone=\u00bb0px||||false|false\u00bb custom_margin_last_edited=\u00bbon|phone\u00bb custom_padding=\u00bb95px||267px||false|false\u00bb custom_padding_tablet=\u00bb||0px||false|false\u00bb custom_padding_phone=\u00bb||0px||false|false\u00bb top_divider_height_tablet=\u00bb\u00bb top_divider_height_phone=\u00bb122px\u00bb top_divider_height_last_edited=\u00bbon|phone\u00bb module_alignment_tablet=\u00bb\u00bb module_alignment_phone=\u00bbright\u00bb module_alignment_last_edited=\u00bbon|phone\u00bb locked=\u00bboff\u00bb global_colors_info=\u00bb{}\u00bb][\/et_pb_section][et_pb_section fb_built=\u00bb1&#8243; custom_padding_last_edited=\u00bbon|desktop\u00bb admin_label=\u00bbWhat We Do\u00bb _builder_version=\u00bb4.23&#8243; background_color=\u00bb#2f2f2f\u00bb custom_margin=\u00bb|||\u00bb custom_padding=\u00bb0px|0px|0px|0px|false|false\u00bb custom_padding_tablet=\u00bb|||21px|false|false\u00bb custom_padding_phone=\u00bb0px|0px|0px|33px|false|false\u00bb top_divider_height_tablet=\u00bb\u00bb top_divider_height_phone=\u00bb\u00bb top_divider_height_last_edited=\u00bbon|phone\u00bb locked=\u00bboff\u00bb global_colors_info=\u00bb{}\u00bb][et_pb_row column_structure=\u00bb2_3,1_3&#8243; make_equal=\u00bbon\u00bb _builder_version=\u00bb4.23&#8243; width=\u00bb100%\u00bb max_width=\u00bb1608px\u00bb module_alignment=\u00bbcenter\u00bb custom_margin=\u00bb|-6px||35px|false|false\u00bb custom_padding=\u00bb0px|0px|0px|0px|false|false\u00bb global_colors_info=\u00bb{}\u00bb][et_pb_column type=\u00bb2_3&#8243; _builder_version=\u00bb4.23&#8243; custom_padding=\u00bb|||\u00bb custom_padding_tablet=\u00bb|||\u00bb custom_padding_phone=\u00bb|||\u00bb custom_padding_last_edited=\u00bbon|phone\u00bb global_colors_info=\u00bb{}\u00bb custom_padding__hover=\u00bb|||\u00bb][et_pb_team_member name=\u00bbMOBRA LEVANTE\u00bb position=\u00bbALQUILER\u00bb image_url=\u00bbhttps:\/\/mobralevante.es\/ventas\/wp-content\/uploads\/2022\/10\/iconos_web_Mobra-5.png\u00bb use_icon_font_size=\u00bbon\u00bb _builder_version=\u00bb4.24.1&#8243; _module_preset=\u00bbdefault\u00bb header_level=\u00bbh1&#8243; header_font=\u00bbActor||||||||\u00bb header_text_color=\u00bb#D88406&#8243; body_text_align=\u00bbjustify\u00bb body_text_color=\u00bb#ffffff\u00bb body_font_size=\u00bb21px\u00bb position_font_size=\u00bb16px\u00bb custom_margin=\u00bb19px|||||\u00bb custom_padding=\u00bb|7px||||\u00bb custom_padding_tablet=\u00bb|123px||||\u00bb custom_padding_phone=\u00bb|32px|||false|false\u00bb custom_padding_last_edited=\u00bbon|phone\u00bb child_filter_opacity=\u00bb66%\u00bb body_font_size_tablet=\u00bb21px\u00bb body_font_size_phone=\u00bb14px\u00bb body_font_size_last_edited=\u00bbon|phone\u00bb position_font_size_tablet=\u00bb16px\u00bb position_font_size_phone=\u00bb20px\u00bb position_font_size_last_edited=\u00bbon|phone\u00bb border_radii_image=\u00bbon|90px|90px|90px|90px\u00bb border_radii_image_tablet=\u00bbon|90px|90px|90px|90px\u00bb border_radii_image_phone=\u00bbon|53px|53px|53px|53px\u00bb border_radii_image_last_edited=\u00bbon|phone\u00bb box_shadow_style_image=\u00bbpreset1&#8243; box_shadow_vertical_image=\u00bb19px\u00bb box_shadow_position_image=\u00bbinner\u00bb box_shadow_vertical_image_tablet=\u00bb19px\u00bb box_shadow_vertical_image_phone=\u00bb-8px\u00bb box_shadow_vertical_image_last_edited=\u00bbon|phone\u00bb global_colors_info=\u00bb{}\u00bb]<\/p>\n<p><span>Encuentra en nuestra secci\u00f3n de alquiler de maquinaria y herramientas todo lo que necesitas para potenciar tus proyectos con calidad y rendimiento incomparables. <\/span><\/p>\n<p><span>En Mobra Levante, ofrecemos una soluci\u00f3n integral para satisfacer las necesidades temporales de equipo, proporcionando una amplia gama de maquinaria de alta calidad y rendimiento.<\/span><\/p>\n<p>&nbsp;<\/p>\n<p>[\/et_pb_team_member][\/et_pb_column][et_pb_column type=\u00bb1_3&#8243; _builder_version=\u00bb4.23&#8243; custom_padding=\u00bb|||\u00bb global_colors_info=\u00bb{}\u00bb custom_padding__hover=\u00bb|||\u00bb][et_pb_text disabled_on=\u00bboff|off|off\u00bb module_id=\u00bbINDICE\u00bb _builder_version=\u00bb4.24.1&#8243; text_font=\u00bbPoppins|600|||||||\u00bb text_font_size=\u00bb13px\u00bb text_letter_spacing=\u00bb2px\u00bb text_line_height=\u00bb2em\u00bb header_2_font_size=\u00bb16px\u00bb background_color=\u00bb#3d3d3d\u00bb background_layout=\u00bbdark\u00bb module_alignment=\u00bbcenter\u00bb custom_margin=\u00bb63px||34px|||\u00bb custom_padding=\u00bb22px|60px|35px|33px||\u00bb animation_style=\u00bbslide\u00bb animation_direction=\u00bbtop\u00bb animation_duration=\u00bb1500ms\u00bb animation_intensity_slide=\u00bb10%\u00bb animation_starting_opacity=\u00bb100%\u00bb text_font_size_tablet=\u00bb13px\u00bb text_font_size_phone=\u00bb13px\u00bb text_font_size_last_edited=\u00bbon|desktop\u00bb header_2_font_size_tablet=\u00bb16px\u00bb header_2_font_size_phone=\u00bb13px\u00bb header_2_font_size_last_edited=\u00bbon|phone\u00bb box_shadow_style=\u00bbpreset3&#8243; box_shadow_vertical=\u00bb15px\u00bb box_shadow_blur=\u00bb80px\u00bb box_shadow_color=\u00bbrgba(0,0,0,0.15)\u00bb global_colors_info=\u00bb{}\u00bb]<\/p>\n<h2><a href=\"#MAQUINARIA%20LIGERA\">MAQUINARIA LIGERA<\/a><\/h2>\n<h2><\/h2>\n<h2><a href=\"#PROTECCI\u00d3N%20COLECTIVA\">PROTECCI\u00d3N COLECTIVA<\/a><\/h2>\n<h2><\/h2>\n<h2><a href=\"#ENCOFRADOS\">ENCOFRADOS<\/a><\/h2>\n<h2><\/h2>\n<h2><a href=\"#SISTEMAS DE ANDAMIOS\">SISTEMAS DE ANDAMIOS<\/a><\/h2>\n<h2><\/h2>\n<h2><a href=\"#SISTEMAS%20DE ELEVACI\u00d3N\">SISTEMAS DE ELEVACI\u00d3N<\/a><\/h2>\n<p>[\/et_pb_text][\/et_pb_column][\/et_pb_row][\/et_pb_section][et_pb_section fb_built=\u00bb1&#8243; _builder_version=\u00bb4.23&#8243; _module_preset=\u00bbdefault\u00bb background_color=\u00bb#d5ff00&#8243; min_height_tablet=\u00bb\u00bb min_height_phone=\u00bb\u00bb min_height_last_edited=\u00bbon|phone\u00bb locked=\u00bboff\u00bb global_colors_info=\u00bb{}\u00bb][et_pb_row column_structure=\u00bb1_5,3_5,1_5&#8243; _builder_version=\u00bb4.23&#8243; _module_preset=\u00bbdefault\u00bb background_enable_color=\u00bboff\u00bb global_colors_info=\u00bb{}\u00bb][et_pb_column type=\u00bb1_5&#8243; _builder_version=\u00bb4.23&#8243; _module_preset=\u00bbdefault\u00bb global_colors_info=\u00bb{}\u00bb][\/et_pb_column][et_pb_column type=\u00bb3_5&#8243; _builder_version=\u00bb4.23&#8243; _module_preset=\u00bbdefault\u00bb global_colors_info=\u00bb{}\u00bb][et_pb_button button_url=\u00bbhttps:\/\/mobralevante.es\/ventas\/seccion-tecnica\u00bb url_new_window=\u00bbon\u00bb button_text=\u00bbFICHAS Y MANUALES\u00bb button_alignment=\u00bbcenter\u00bb _builder_version=\u00bb4.23&#8243; _module_preset=\u00bbdefault\u00bb custom_button=\u00bbon\u00bb button_text_size=\u00bb33px\u00bb button_text_color=\u00bb#D88406&#8243; button_bg_color=\u00bb#FFFFFF\u00bb button_border_width=\u00bb15px\u00bb button_border_color=\u00bb#000000&#8243; button_border_radius=\u00bb24px\u00bb button_icon=\u00bb&#x6e;||divi||400&#8243; global_colors_info=\u00bb{}\u00bb][\/et_pb_button][\/et_pb_column][et_pb_column type=\u00bb1_5&#8243; _builder_version=\u00bb4.23&#8243; _module_preset=\u00bbdefault\u00bb global_colors_info=\u00bb{}\u00bb][\/et_pb_column][\/et_pb_row][\/et_pb_section][et_pb_section fb_built=\u00bb1&#8243; _builder_version=\u00bb4.24.1&#8243; _module_preset=\u00bbdefault\u00bb background_color=\u00bb#ff7b07&#8243; locked=\u00bboff\u00bb global_colors_info=\u00bb{}\u00bb][et_pb_row _builder_version=\u00bb4.23&#8243; _module_preset=\u00bbdefault\u00bb global_colors_info=\u00bb{}\u00bb][et_pb_column type=\u00bb4_4&#8243; _builder_version=\u00bb4.23&#8243; _module_preset=\u00bbdefault\u00bb global_colors_info=\u00bb{}\u00bb][et_pb_text _builder_version=\u00bb4.24.1&#8243; _module_preset=\u00bbdefault\u00bb global_colors_info=\u00bb{}\u00bb]<\/p>\n<h3 style=\"text-align: justify;\"><span>Explore nuestro sitio web para ver nuestra gama completa de maquinaria de alquiler. Si tiene alguna pregunta o necesita asesoramiento sobre qu\u00e9 equipo es el m\u00e1s adecuado para su proyecto, no dude en ponerse en contacto con nosotros. \u00a1Estamos aqu\u00ed para ayudarle!<\/span><\/h3>\n<p>[\/et_pb_text][\/et_pb_column][\/et_pb_row][\/et_pb_section][et_pb_section fb_built=\u00bb1&#8243; _builder_version=\u00bb4.22.1&#8243; _module_preset=\u00bbdefault\u00bb global_colors_info=\u00bb{}\u00bb][et_pb_row column_structure=\u00bb2_3,1_3&#8243; module_id=\u00bbMAQUINARIA LIGERA\u00bb _builder_version=\u00bb4.24.1&#8243; _module_preset=\u00bbdefault\u00bb width=\u00bb100%\u00bb max_width=\u00bb1503px\u00bb locked=\u00bboff\u00bb global_colors_info=\u00bb{}\u00bb][et_pb_column type=\u00bb2_3&#8243; _builder_version=\u00bb4.22.1&#8243; _module_preset=\u00bbdefault\u00bb global_colors_info=\u00bb{}\u00bb][et_pb_blurb title=\u00bbHERRAMIENTAS Y MAQUINARIA LIGERA\u00bb image_icon_background_color=\u00bb#000000&#8243; image=\u00bbhttps:\/\/mobralevante.es\/ventas\/wp-content\/uploads\/2023\/01\/mobra-imagenes-para-banners-web7.jpg\u00bb image_icon_width=\u00bb95%\u00bb _builder_version=\u00bb4.23&#8243; _module_preset=\u00bbdefault\u00bb header_level=\u00bbh1&#8243; header_font=\u00bb|800|||||||\u00bb border_radii=\u00bbon|25px|25px|25px|25px\u00bb border_color_all=\u00bb#ff6600&#8243; border_radii_image=\u00bbon|26px|26px|26px|26px\u00bb border_width_all_image=\u00bb15px\u00bb border_color_all_image=\u00bb#000000&#8243; global_colors_info=\u00bb{}\u00bb]<\/p>\n<p>Desde martillos rotativos y amoladoras hasta plataformas de descarga y transpaletas, encuentra la soluci\u00f3n perfecta para cada tarea en nuestro amplio cat\u00e1logo de herramientas de alta calidad.<\/p>\n<p>[\/et_pb_blurb][et_pb_button button_url=\u00bb#INDICE\u00bb button_text=\u00bbVOLVER\u00bb button_alignment=\u00bbcenter\u00bb _builder_version=\u00bb4.24.1&#8243; _module_preset=\u00bbdefault\u00bb custom_button=\u00bbon\u00bb button_text_size=\u00bb11px\u00bb button_text_color=\u00bb#000000&#8243; button_bg_color=\u00bb#D88406&#8243; global_colors_info=\u00bb{}\u00bb][\/et_pb_button][et_pb_divider color=\u00bb#000000&#8243; divider_weight=\u00bb7px\u00bb _builder_version=\u00bb4.22.2&#8243; _module_preset=\u00bbdefault\u00bb background_enable_color=\u00bboff\u00bb custom_margin=\u00bb140px|||||\u00bb global_colors_info=\u00bb{}\u00bb][\/et_pb_divider][\/et_pb_column][et_pb_column type=\u00bb1_3&#8243; _builder_version=\u00bb4.22.1&#8243; _module_preset=\u00bbdefault\u00bb global_colors_info=\u00bb{}\u00bb][et_pb_blurb title=\u00bb1 &#8211; MAQUINARIA LIGERA\u00bb image_icon_background_color=\u00bb#ff6600&#8243; image_icon_width=\u00bb95%\u00bb _builder_version=\u00bb4.24.1&#8243; _module_preset=\u00bbdefault\u00bb header_level=\u00bbh1&#8243; header_font=\u00bb|800|||||||\u00bb custom_margin=\u00bb|||-40px||\u00bb custom_margin_tablet=\u00bb|||-40px||\u00bb custom_margin_phone=\u00bb|||0px|false|false\u00bb custom_margin_last_edited=\u00bbon|phone\u00bb custom_padding=\u00bb|||13px||\u00bb custom_padding_tablet=\u00bb|||13px||\u00bb custom_padding_phone=\u00bb|||29px|false|false\u00bb custom_padding_last_edited=\u00bbon|phone\u00bb border_radii=\u00bbon|25px|25px|25px|25px\u00bb border_color_all=\u00bb#ff6600&#8243; border_radii_image=\u00bbon|26px|26px|26px|26px\u00bb border_width_all_image=\u00bb15px\u00bb border_color_all_image=\u00bb#ff6600&#8243; global_colors_info=\u00bb{}\u00bb]<\/p>\n<ul>\n<li>MARTILLOS ROTATIVOS Y DEMOLEDORES<\/li>\n<li>AMOLADORAS Y TALADROS<\/li>\n<li>TRONZADORAS<\/li>\n<li>HORMIGONERAS<\/li>\n<li>BOMBAS DE AGUA<\/li>\n<li>GRUPOS ELETR\u00d3GENOS<\/li>\n<li>CONVERTIDORES EL\u00c9CTRICOS<\/li>\n<li>AGUJAS DE ALTA FRECUENCIA<\/li>\n<li>VIBRADORES EL\u00c9CTRICOS<\/li>\n<li>REGLAS VIBRADOREAS<\/li>\n<li>PLATAFORMAS DE DESCARGA<\/li>\n<li>TRANSPALETAS<\/li>\n<\/ul>\n<p>[\/et_pb_blurb][\/et_pb_column][\/et_pb_row][et_pb_row column_structure=\u00bb2_3,1_3&#8243; module_id=\u00bbPROTECCI\u00d3N COLECTIVA\u00bb _builder_version=\u00bb4.24.1&#8243; _module_preset=\u00bbdefault\u00bb width=\u00bb100%\u00bb max_width=\u00bb1503px\u00bb locked=\u00bboff\u00bb global_colors_info=\u00bb{}\u00bb][et_pb_column type=\u00bb2_3&#8243; _builder_version=\u00bb4.22.1&#8243; _module_preset=\u00bbdefault\u00bb global_colors_info=\u00bb{}\u00bb][et_pb_blurb title=\u00bbSISTEMAS DE PROTECCI\u00d3N\u00bb image_icon_background_color=\u00bb#000000&#8243; image=\u00bbhttps:\/\/mobralevante.es\/ventas\/wp-content\/uploads\/2023\/07\/3.jpg\u00bb image_icon_width=\u00bb95%\u00bb _builder_version=\u00bb4.22.2&#8243; _module_preset=\u00bbdefault\u00bb header_level=\u00bbh1&#8243; header_font=\u00bb|800|||||||\u00bb border_radii=\u00bbon|25px|25px|25px|25px\u00bb border_color_all=\u00bb#ff6600&#8243; border_radii_image=\u00bbon|26px|26px|26px|26px\u00bb border_width_all_image=\u00bb15px\u00bb border_color_all_image=\u00bb#000000&#8243; global_colors_info=\u00bb{}\u00bb]<\/p>\n<p>Nuestros equipos de protecci\u00f3n individual cumplen con las normativas m\u00e1s recientes del mercado, convirti\u00e9ndolos en elementos esenciales para llevar a cabo el trabajo de manera segura y confiable.<\/p>\n<p>[\/et_pb_blurb][et_pb_button button_url=\u00bb#INDICE\u00bb button_text=\u00bbVOLVER\u00bb button_alignment=\u00bbcenter\u00bb _builder_version=\u00bb4.24.1&#8243; _module_preset=\u00bbdefault\u00bb custom_button=\u00bbon\u00bb button_text_size=\u00bb11px\u00bb button_text_color=\u00bb#000000&#8243; button_bg_color=\u00bb#D88406&#8243; global_colors_info=\u00bb{}\u00bb][\/et_pb_button][et_pb_divider color=\u00bb#000000&#8243; divider_weight=\u00bb7px\u00bb _builder_version=\u00bb4.22.2&#8243; _module_preset=\u00bbdefault\u00bb background_enable_color=\u00bboff\u00bb custom_margin=\u00bb140px|||||\u00bb global_colors_info=\u00bb{}\u00bb][\/et_pb_divider][\/et_pb_column][et_pb_column type=\u00bb1_3&#8243; _builder_version=\u00bb4.22.1&#8243; _module_preset=\u00bbdefault\u00bb global_colors_info=\u00bb{}\u00bb][et_pb_blurb title=\u00bb2 &#8211; PROTECCI\u00d3N COLECTIVA\u00bb image_icon_background_color=\u00bb#ff6600&#8243; image_icon_width=\u00bb95%\u00bb _builder_version=\u00bb4.24.1&#8243; _module_preset=\u00bbdefault\u00bb header_level=\u00bbh1&#8243; header_font=\u00bb|800|||||||\u00bb custom_margin=\u00bb78px|||-40px||\u00bb custom_margin_tablet=\u00bb|||-40px||\u00bb custom_margin_phone=\u00bb|||0px|false|false\u00bb custom_margin_last_edited=\u00bbon|phone\u00bb custom_padding=\u00bb|||13px||\u00bb custom_padding_tablet=\u00bb|||13px||\u00bb custom_padding_phone=\u00bb|||29px|false|false\u00bb custom_padding_last_edited=\u00bbon|phone\u00bb border_radii=\u00bbon|25px|25px|25px|25px\u00bb border_color_all=\u00bb#ff6600&#8243; border_radii_image=\u00bbon|26px|26px|26px|26px\u00bb border_width_all_image=\u00bb15px\u00bb border_color_all_image=\u00bb#ff6600&#8243; global_colors_info=\u00bb{}\u00bb]<\/p>\n<ul>\n<li>BARANDILLAS<\/li>\n<li>GUARDACUERPOS<\/li>\n<li>PESCANTES DE SEGURIDAD<\/li>\n<li>BARRERAS New Jersey<\/li>\n<li>PASARELA DE SEGURIDAD<\/li>\n<li>L\u00cdNEAS DE VIDA<\/li>\n<li>VALLAS DE CERRAMIENTO<\/li>\n<\/ul>\n<p>[\/et_pb_blurb][\/et_pb_column][\/et_pb_row][et_pb_row column_structure=\u00bb2_3,1_3&#8243; module_id=\u00bbENCOFRADOS\u00bb _builder_version=\u00bb4.24.1&#8243; _module_preset=\u00bbdefault\u00bb width=\u00bb100%\u00bb max_width=\u00bb1503px\u00bb locked=\u00bboff\u00bb global_colors_info=\u00bb{}\u00bb][et_pb_column type=\u00bb2_3&#8243; _builder_version=\u00bb4.22.1&#8243; _module_preset=\u00bbdefault\u00bb global_colors_info=\u00bb{}\u00bb][et_pb_blurb title=\u00bbENCOFRADOS\u00bb image_icon_background_color=\u00bb#000000&#8243; image=\u00bbhttps:\/\/mobralevante.es\/ventas\/wp-content\/uploads\/2022\/10\/ENCOFRADO-DE-TECHO-DE-CUBETAS-RECUPERABLES-2.jpg\u00bb alt=\u00bbENCOFRADO DE TECHO DE CUBETAS RECUPERABLES\u00bb image_icon_width=\u00bb95%\u00bb _builder_version=\u00bb4.23&#8243; _module_preset=\u00bbdefault\u00bb header_level=\u00bbh1&#8243; header_font=\u00bb|800|||||||\u00bb border_radii=\u00bbon|25px|25px|25px|25px\u00bb border_color_all=\u00bb#ff6600&#8243; border_radii_image=\u00bbon|26px|26px|26px|26px\u00bb border_width_all_image=\u00bb15px\u00bb border_color_all_image=\u00bb#000000&#8243; global_colors_info=\u00bb{}\u00bb][\/et_pb_blurb][et_pb_button button_url=\u00bb#INDICE\u00bb button_text=\u00bbVOLVER\u00bb button_alignment=\u00bbcenter\u00bb _builder_version=\u00bb4.24.1&#8243; _module_preset=\u00bbdefault\u00bb custom_button=\u00bbon\u00bb button_text_size=\u00bb11px\u00bb button_text_color=\u00bb#000000&#8243; button_bg_color=\u00bb#D88406&#8243; global_colors_info=\u00bb{}\u00bb][\/et_pb_button][et_pb_divider color=\u00bb#ff7b07&#8243; divider_weight=\u00bb7px\u00bb _builder_version=\u00bb4.22.2&#8243; _module_preset=\u00bbdefault\u00bb background_enable_color=\u00bboff\u00bb custom_margin=\u00bb140px|||||\u00bb global_colors_info=\u00bb{}\u00bb][\/et_pb_divider][\/et_pb_column][et_pb_column type=\u00bb1_3&#8243; _builder_version=\u00bb4.22.1&#8243; _module_preset=\u00bbdefault\u00bb global_colors_info=\u00bb{}\u00bb][et_pb_blurb title=\u00bb4 &#8211; ENCOFRADO DE TECHO\u00bb image_icon_background_color=\u00bb#ff6600&#8243; alt=\u00bbENCOFRADO DE TECHO DE CUBETAS RECUPERABLES\u00bb image_icon_width=\u00bb95%\u00bb _builder_version=\u00bb4.23&#8243; _module_preset=\u00bbdefault\u00bb header_level=\u00bbh1&#8243; header_font=\u00bb|800|||||||\u00bb custom_margin=\u00bb|||-40px||\u00bb custom_margin_tablet=\u00bb|||-40px||\u00bb custom_margin_phone=\u00bb|||0px|false|false\u00bb custom_margin_last_edited=\u00bbon|phone\u00bb custom_padding=\u00bb|||13px||\u00bb custom_padding_tablet=\u00bb|||13px||\u00bb custom_padding_phone=\u00bb|||29px|false|false\u00bb custom_padding_last_edited=\u00bbon|phone\u00bb border_radii=\u00bbon|25px|25px|25px|25px\u00bb border_color_all=\u00bb#ff6600&#8243; border_radii_image=\u00bbon|26px|26px|26px|26px\u00bb border_width_all_image=\u00bb15px\u00bb border_color_all_image=\u00bb#ff6600&#8243; global_colors_info=\u00bb{}\u00bb]<\/p>\n<ul>\n<li>TABLEROS TRICAPA<\/li>\n<li>ENCOFRADOS RETICULARES<\/li>\n<li>PUNTALES TELESC\u00d3PICOS<\/li>\n<li>TABICAS<\/li>\n<li>CUBETAS<\/li>\n<\/ul>\n<p>[\/et_pb_blurb][et_pb_blurb title=\u00bb5 &#8211; ENCOFRADOS DE PILARES\u00bb image_icon_background_color=\u00bb#ff6600&#8243; alt=\u00bbENCOFRADO DE PILARES\u00bb image_icon_width=\u00bb95%\u00bb _builder_version=\u00bb4.23&#8243; _module_preset=\u00bbdefault\u00bb header_level=\u00bbh1&#8243; header_font=\u00bb|800|||||||\u00bb custom_margin=\u00bb|||-40px||\u00bb custom_margin_tablet=\u00bb|||-40px||\u00bb custom_margin_phone=\u00bb|||0px|false|false\u00bb custom_margin_last_edited=\u00bbon|phone\u00bb custom_padding=\u00bb|||13px||\u00bb custom_padding_tablet=\u00bb|||13px||\u00bb custom_padding_phone=\u00bb|||29px|false|false\u00bb custom_padding_last_edited=\u00bbon|phone\u00bb header_font_size_tablet=\u00bb\u00bb header_font_size_phone=\u00bb22px\u00bb header_font_size_last_edited=\u00bbon|phone\u00bb border_radii=\u00bbon|25px|25px|25px|25px\u00bb border_color_all=\u00bb#ff6600&#8243; border_radii_image=\u00bbon|26px|26px|26px|26px\u00bb border_width_all_image=\u00bb15px\u00bb border_color_all_image=\u00bb#ff6600&#8243; global_colors_info=\u00bb{}\u00bb]<\/p>\n<ul>\n<li>ENCOFRADO LIGERO<\/li>\n<li>ENCOFRADO REFORZADO<\/li>\n<\/ul>\n<p>[\/et_pb_blurb][et_pb_blurb title=\u00bb6 &#8211; ENCOFRADOS DE MURO\u00bb image_icon_background_color=\u00bb#ff6600&#8243; image_icon_width=\u00bb95%\u00bb _builder_version=\u00bb4.23&#8243; _module_preset=\u00bbdefault\u00bb header_level=\u00bbh1&#8243; header_font=\u00bb|800|||||||\u00bb custom_margin=\u00bb|||-40px||\u00bb custom_margin_tablet=\u00bb|||-40px||\u00bb custom_margin_phone=\u00bb|||0px|false|false\u00bb custom_margin_last_edited=\u00bbon|phone\u00bb custom_padding=\u00bb|||13px||\u00bb custom_padding_tablet=\u00bb|||13px||\u00bb custom_padding_phone=\u00bb|||29px|false|false\u00bb custom_padding_last_edited=\u00bbon|phone\u00bb border_radii=\u00bbon|25px|25px|25px|25px\u00bb border_color_all=\u00bb#ff6600&#8243; border_radii_image=\u00bbon|26px|26px|26px|26px\u00bb border_width_all_image=\u00bb15px\u00bb border_color_all_image=\u00bb#ff6600&#8243; global_colors_info=\u00bb{}\u00bb]<\/p>\n<ul>\n<li>CIRCULAR<\/li>\n<li>FEN\u00d3LICO (LIRIA)<\/li>\n<li>VELAS ESTABILIZADORAS<\/li>\n<\/ul>\n<p>[\/et_pb_blurb][\/et_pb_column][\/et_pb_row][et_pb_row column_structure=\u00bb2_3,1_3&#8243; module_id=\u00bbSISTEMAS DE ANDAMIOS\u00bb _builder_version=\u00bb4.24.1&#8243; _module_preset=\u00bbdefault\u00bb width=\u00bb100%\u00bb max_width=\u00bb1503px\u00bb locked=\u00bboff\u00bb global_colors_info=\u00bb{}\u00bb][et_pb_column type=\u00bb2_3&#8243; _builder_version=\u00bb4.22.1&#8243; _module_preset=\u00bbdefault\u00bb global_colors_info=\u00bb{}\u00bb][et_pb_blurb title=\u00bbSISTEMAS DE ANDAMIO\u00bb image_icon_background_color=\u00bb#000000&#8243; image=\u00bbhttps:\/\/mobralevante.es\/ventas\/wp-content\/uploads\/2022\/10\/76.jpg\u00bb alt=\u00bbANDAMIO EL\u00c9CTRICO BIMASTIL\u00bb image_icon_width=\u00bb95%\u00bb _builder_version=\u00bb4.23&#8243; _module_preset=\u00bbdefault\u00bb header_level=\u00bbh1&#8243; header_font=\u00bb|800|||||||\u00bb border_radii=\u00bbon|25px|25px|25px|25px\u00bb border_color_all=\u00bb#ff6600&#8243; border_radii_image=\u00bbon|26px|26px|26px|26px\u00bb border_width_all_image=\u00bb15px\u00bb border_color_all_image=\u00bb#000000&#8243; global_colors_info=\u00bb{}\u00bb][\/et_pb_blurb][et_pb_button button_url=\u00bb#INDICE\u00bb button_text=\u00bbVOLVER\u00bb button_alignment=\u00bbcenter\u00bb _builder_version=\u00bb4.24.1&#8243; _module_preset=\u00bbdefault\u00bb custom_button=\u00bbon\u00bb button_text_size=\u00bb11px\u00bb button_text_color=\u00bb#000000&#8243; button_bg_color=\u00bb#D88406&#8243; global_colors_info=\u00bb{}\u00bb][\/et_pb_button][et_pb_divider color=\u00bb#ff7b07&#8243; divider_weight=\u00bb7px\u00bb _builder_version=\u00bb4.24.1&#8243; _module_preset=\u00bbdefault\u00bb background_enable_color=\u00bboff\u00bb custom_margin=\u00bb140px|||||\u00bb global_colors_info=\u00bb{}\u00bb][\/et_pb_divider][\/et_pb_column][et_pb_column type=\u00bb1_3&#8243; _builder_version=\u00bb4.22.1&#8243; _module_preset=\u00bbdefault\u00bb global_colors_info=\u00bb{}\u00bb][et_pb_blurb title=\u00bb7 &#8211; SISTEMAS DE ANDAMIO\u00bb image_icon_background_color=\u00bb#ff6600&#8243; alt=\u00bbANDAMIO EL\u00c9CTRICO BIMASTIL\u00bb image_icon_width=\u00bb95%\u00bb _builder_version=\u00bb4.23&#8243; _module_preset=\u00bbdefault\u00bb header_level=\u00bbh1&#8243; header_font=\u00bb|800|||||||\u00bb custom_margin=\u00bb|||-40px||\u00bb custom_margin_tablet=\u00bb|||-40px||\u00bb custom_margin_phone=\u00bb|||0px|false|false\u00bb custom_margin_last_edited=\u00bbon|phone\u00bb custom_padding=\u00bb|||13px||\u00bb custom_padding_tablet=\u00bb|||13px||\u00bb custom_padding_phone=\u00bb|||29px|false|false\u00bb custom_padding_last_edited=\u00bbon|phone\u00bb border_radii=\u00bbon|25px|25px|25px|25px\u00bb border_color_all=\u00bb#ff6600&#8243; border_radii_image=\u00bbon|26px|26px|26px|26px\u00bb border_width_all_image=\u00bb15px\u00bb border_color_all_image=\u00bb#ff6600&#8243; global_colors_info=\u00bb{}\u00bb]<\/p>\n<ul>\n<li>ANDAMIO FACHADA EUROPEO<\/li>\n<li>ANDAMIO COLGANTE EL\u00c9CTRICO<\/li>\n<li>ANDAMIO EL\u00c9CTRICO CREMALLERA<\/li>\n<li>TORRES MOVILES ALUMINIO<\/li>\n<li>ESCALERAS ACCESO OBRA<\/li>\n<\/ul>\n<p>[\/et_pb_blurb][\/et_pb_column][\/et_pb_row][et_pb_row column_structure=\u00bb2_3,1_3&#8243; module_id=\u00bbSISTEMA DE ANDAMIO\u00bb _builder_version=\u00bb4.24.1&#8243; _module_preset=\u00bbdefault\u00bb width=\u00bb100%\u00bb max_width=\u00bb1503px\u00bb locked=\u00bboff\u00bb global_colors_info=\u00bb{}\u00bb][et_pb_column type=\u00bb2_3&#8243; _builder_version=\u00bb4.22.1&#8243; _module_preset=\u00bbdefault\u00bb global_colors_info=\u00bb{}\u00bb][et_pb_blurb title=\u00bbSISTEMAS DE ANDAMIO\u00bb image_icon_background_color=\u00bb#000000&#8243; image=\u00bbhttps:\/\/mobralevante.es\/ventas\/wp-content\/uploads\/2022\/10\/76.jpg\u00bb alt=\u00bbANDAMIO EL\u00c9CTRICO BIMASTIL\u00bb image_icon_width=\u00bb95%\u00bb _builder_version=\u00bb4.23&#8243; _module_preset=\u00bbdefault\u00bb header_level=\u00bbh1&#8243; header_font=\u00bb|800|||||||\u00bb border_radii=\u00bbon|25px|25px|25px|25px\u00bb border_color_all=\u00bb#ff6600&#8243; border_radii_image=\u00bbon|26px|26px|26px|26px\u00bb border_width_all_image=\u00bb15px\u00bb border_color_all_image=\u00bb#000000&#8243; global_colors_info=\u00bb{}\u00bb][\/et_pb_blurb][et_pb_button button_url=\u00bb#INDICE\u00bb button_text=\u00bbVOLVER\u00bb button_alignment=\u00bbcenter\u00bb _builder_version=\u00bb4.24.1&#8243; _module_preset=\u00bbdefault\u00bb custom_button=\u00bbon\u00bb button_text_size=\u00bb11px\u00bb button_text_color=\u00bb#000000&#8243; button_bg_color=\u00bb#D88406&#8243; global_colors_info=\u00bb{}\u00bb][\/et_pb_button][et_pb_divider color=\u00bb#ff7b07&#8243; divider_weight=\u00bb7px\u00bb _builder_version=\u00bb4.24.1&#8243; _module_preset=\u00bbdefault\u00bb background_enable_color=\u00bboff\u00bb custom_margin=\u00bb140px|||||\u00bb global_colors_info=\u00bb{}\u00bb][\/et_pb_divider][\/et_pb_column][et_pb_column type=\u00bb1_3&#8243; _builder_version=\u00bb4.22.1&#8243; _module_preset=\u00bbdefault\u00bb global_colors_info=\u00bb{}\u00bb][et_pb_blurb title=\u00bb7 &#8211; SISTEMAS DE ANDAMIO\u00bb image_icon_background_color=\u00bb#ff6600&#8243; alt=\u00bbANDAMIO EL\u00c9CTRICO BIMASTIL\u00bb image_icon_width=\u00bb95%\u00bb _builder_version=\u00bb4.23&#8243; _module_preset=\u00bbdefault\u00bb header_level=\u00bbh1&#8243; header_font=\u00bb|800|||||||\u00bb custom_margin=\u00bb|||-40px||\u00bb custom_margin_tablet=\u00bb|||-40px||\u00bb custom_margin_phone=\u00bb|||0px|false|false\u00bb custom_margin_last_edited=\u00bbon|phone\u00bb custom_padding=\u00bb|||13px||\u00bb custom_padding_tablet=\u00bb|||13px||\u00bb custom_padding_phone=\u00bb|||29px|false|false\u00bb custom_padding_last_edited=\u00bbon|phone\u00bb border_radii=\u00bbon|25px|25px|25px|25px\u00bb border_color_all=\u00bb#ff6600&#8243; border_radii_image=\u00bbon|26px|26px|26px|26px\u00bb border_width_all_image=\u00bb15px\u00bb border_color_all_image=\u00bb#ff6600&#8243; global_colors_info=\u00bb{}\u00bb]<\/p>\n<ul>\n<li>ANDAMIO FACHADA EUROPEO<\/li>\n<li>ANDAMIO COLGANTE EL\u00c9CTRICO<\/li>\n<li>ANDAMIO EL\u00c9CTRICO CREMALLERA<\/li>\n<li>TORRES MOVILES ALUMINIO<\/li>\n<li>ESCALERAS ACCESO OBRA<\/li>\n<\/ul>\n<p>[\/et_pb_blurb][\/et_pb_column][\/et_pb_row][et_pb_row column_structure=\u00bb2_3,1_3&#8243; module_id=\u00bbSISTEMAS DE ELEVACI\u00d3N\u00bb _builder_version=\u00bb4.24.1&#8243; _module_preset=\u00bbdefault\u00bb width=\u00bb100%\u00bb max_width=\u00bb1503px\u00bb locked=\u00bboff\u00bb global_colors_info=\u00bb{}\u00bb][et_pb_column type=\u00bb2_3&#8243; _builder_version=\u00bb4.22.1&#8243; _module_preset=\u00bbdefault\u00bb global_colors_info=\u00bb{}\u00bb][et_pb_blurb title=\u00bbSISTEMAS DE ELEVACI\u00d3N\u00bb image_icon_background_color=\u00bb#000000&#8243; image=\u00bbhttps:\/\/mobralevante.es\/ventas\/wp-content\/uploads\/2022\/10\/MONTAJE-DE-GRUA-TORRE.jpg\u00bb alt=\u00bbMONTAJE DE GRUA TORRE\u00bb image_icon_width=\u00bb95%\u00bb _builder_version=\u00bb4.23&#8243; _module_preset=\u00bbdefault\u00bb header_level=\u00bbh1&#8243; header_font=\u00bb|800|||||||\u00bb border_radii=\u00bbon|25px|25px|25px|25px\u00bb border_color_all=\u00bb#ff6600&#8243; border_radii_image=\u00bbon|26px|26px|26px|26px\u00bb border_width_all_image=\u00bb15px\u00bb border_color_all_image=\u00bb#000000&#8243; global_colors_info=\u00bb{}\u00bb][\/et_pb_blurb][et_pb_button button_url=\u00bb#INDICE\u00bb button_text=\u00bbVOLVER\u00bb button_alignment=\u00bbcenter\u00bb _builder_version=\u00bb4.24.1&#8243; _module_preset=\u00bbdefault\u00bb custom_button=\u00bbon\u00bb button_text_size=\u00bb11px\u00bb button_text_color=\u00bb#000000&#8243; button_bg_color=\u00bb#D88406&#8243; global_colors_info=\u00bb{}\u00bb][\/et_pb_button][\/et_pb_column][et_pb_column type=\u00bb1_3&#8243; _builder_version=\u00bb4.22.1&#8243; _module_preset=\u00bbdefault\u00bb global_colors_info=\u00bb{}\u00bb][et_pb_blurb title=\u00bb8 &#8211; SISTEMAS DE ELEVACI\u00d3N\u00bb image_icon_background_color=\u00bb#ff6600&#8243; alt=\u00bbANDAMIO EL\u00c9CTRICO BIMASTIL\u00bb image_icon_width=\u00bb95%\u00bb _builder_version=\u00bb4.23&#8243; _module_preset=\u00bbdefault\u00bb header_level=\u00bbh1&#8243; header_font=\u00bb|800|||||||\u00bb custom_margin=\u00bb|||-40px||\u00bb custom_margin_tablet=\u00bb|||-40px||\u00bb custom_margin_phone=\u00bb|||0px|false|false\u00bb custom_margin_last_edited=\u00bbon|phone\u00bb custom_padding=\u00bb|||13px||\u00bb custom_padding_tablet=\u00bb|||13px||\u00bb custom_padding_phone=\u00bb|||29px|false|false\u00bb custom_padding_last_edited=\u00bbon|phone\u00bb border_radii=\u00bbon|25px|25px|25px|25px\u00bb border_color_all=\u00bb#ff6600&#8243; border_radii_image=\u00bbon|26px|26px|26px|26px\u00bb border_width_all_image=\u00bb15px\u00bb border_color_all_image=\u00bb#ff6600&#8243; global_colors_info=\u00bb{}\u00bb]<\/p>\n<ul>\n<li>GRUAS TORRE<\/li>\n<li>GRUAS AUTOMONTANTES<\/li>\n<li>MONTACARGAS DE FACHADA<\/li>\n<\/ul>\n<p>[\/et_pb_blurb][\/et_pb_column][\/et_pb_row][\/et_pb_section][et_pb_section fb_built=\u00bb1&#8243; _builder_version=\u00bb4.24.1&#8243; _module_preset=\u00bbdefault\u00bb background_color=\u00bb#ff7b07&#8243; locked=\u00bboff\u00bb global_colors_info=\u00bb{}\u00bb][et_pb_row _builder_version=\u00bb4.24.1&#8243; _module_preset=\u00bbdefault\u00bb global_colors_info=\u00bb{}\u00bb][et_pb_column type=\u00bb4_4&#8243; _builder_version=\u00bb4.24.1&#8243; _module_preset=\u00bbdefault\u00bb global_colors_info=\u00bb{}\u00bb][et_pb_text _builder_version=\u00bb4.24.1&#8243; _module_preset=\u00bbdefault\u00bb header_4_text_color=\u00bb#FFFFFF\u00bb background_enable_color=\u00bboff\u00bb custom_padding=\u00bb|0px||||\u00bb global_colors_info=\u00bb{}\u00bb]<\/p>\n<h4 style=\"text-align: justify;\"><span style=\"color: #000000;\"><strong>&#8211; Variedad de Maquinaria:<\/strong><\/span> <span>Contamos con una extensa flota de maquinaria y herramientas especializadas, asegurando que tenga acceso a la tecnolog\u00eda m\u00e1s avanzada y adecuada para cada fase de su proyecto de construcci\u00f3n.<\/span><\/h4>\n<h4 style=\"text-align: justify;\"><strong><span style=\"color: #000000;\">&#8211; Mantenimiento Riguroso:<\/span><\/strong> <span>Cada pieza de maquinaria y herramienta en nuestro inventario se somete a un riguroso programa de mantenimiento. Esto garantiza no solo su rendimiento \u00f3ptimo, sino tambi\u00e9n su fiabilidad durante todo el per\u00edodo de alquiler.<\/span><\/h4>\n<h4 style=\"text-align: justify;\"><span style=\"color: #000000;\"><strong>&#8211; Asesoramiento T\u00e9cnico:<\/strong><\/span> <span>Nuestro equipo de expertos est\u00e1 siempre disponible para brindar asesoramiento t\u00e9cnico. Desde la selecci\u00f3n de la maquinaria m\u00e1s adecuada para sus necesidades espec\u00edficas hasta la orientaci\u00f3n en el montaje y la certificaci\u00f3n t\u00e9cnica, estamos aqu\u00ed para respaldarlo en cada paso<\/span><\/h4>\n<h4 style=\"text-align: justify;\"><span style=\"color: #000000;\"><strong>&#8211; Flexibilidad de Alquiler:<\/strong><\/span> Adaptamos nuestros planes de alquiler a su cronograma y presupuesto, ofreciendo opciones diarias, semanales y mensuales para satisfacer sus requisitos operativos.<\/h4>\n<p>[\/et_pb_text][\/et_pb_column][\/et_pb_row][\/et_pb_section]<\/p>\n","protected":false},"excerpt":{"rendered":"<p>ALQUILERES familias de herramientas para alquilar en Mobra Levante<\/p>\n","protected":false},"author":1,"featured_media":0,"parent":272,"menu_order":0,"comment_status":"closed","ping_status":"closed","template":"","meta":{"_et_pb_use_builder":"on","_et_pb_old_content":"","_et_gb_content_width":"","footnotes":""},"yoast_head":"<!-- This site is optimized with the Yoast SEO plugin v23.4 - https:\/\/yoast.com\/wordpress\/plugins\/seo\/ -->\n<title>ALQUILER MOBRA - Mobra Levante, maquinaria para obra<\/title>\n<meta name=\"robots\" content=\"index, follow, max-snippet:-1, max-image-preview:large, max-video-preview:-1\" \/>\n<link rel=\"canonical\" href=\"https:\/\/mobralevante.es\/ventas\/home-mobra\/alquileres\/\" \/>\n<meta property=\"og:locale\" content=\"es_ES\" \/>\n<meta property=\"og:type\" content=\"article\" \/>\n<meta property=\"og:title\" content=\"ALQUILER MOBRA - Mobra Levante, maquinaria para obra\" \/>\n<meta property=\"og:description\" content=\"ALQUILERES familias de herramientas para alquilar en Mobra Levante\" \/>\n<meta property=\"og:url\" content=\"https:\/\/mobralevante.es\/ventas\/home-mobra\/alquileres\/\" \/>\n<meta property=\"og:site_name\" content=\"Mobra Levante, maquinaria para obra\" \/>\n<meta property=\"article:modified_time\" content=\"2024-02-27T19:00:35+00:00\" \/>\n<meta name=\"twitter:card\" content=\"summary_large_image\" \/>\n<meta name=\"twitter:label1\" content=\"Tiempo de lectura\" \/>\n\t<meta name=\"twitter:data1\" content=\"3 minutos\" \/>\n<script type=\"application\/ld+json\" class=\"yoast-schema-graph\">{\"@context\":\"https:\/\/schema.org\",\"@graph\":[{\"@type\":\"WebPage\",\"@id\":\"https:\/\/mobralevante.es\/ventas\/home-mobra\/alquileres\/\",\"url\":\"https:\/\/mobralevante.es\/ventas\/home-mobra\/alquileres\/\",\"name\":\"ALQUILER MOBRA - Mobra Levante, maquinaria para obra\",\"isPartOf\":{\"@id\":\"https:\/\/mobralevante.es\/ventas\/#website\"},\"datePublished\":\"2023-09-26T15:38:06+00:00\",\"dateModified\":\"2024-02-27T19:00:35+00:00\",\"breadcrumb\":{\"@id\":\"https:\/\/mobralevante.es\/ventas\/home-mobra\/alquileres\/#breadcrumb\"},\"inLanguage\":\"es\",\"potentialAction\":[{\"@type\":\"ReadAction\",\"target\":[\"https:\/\/mobralevante.es\/ventas\/home-mobra\/alquileres\/\"]}]},{\"@type\":\"BreadcrumbList\",\"@id\":\"https:\/\/mobralevante.es\/ventas\/home-mobra\/alquileres\/#breadcrumb\",\"itemListElement\":[{\"@type\":\"ListItem\",\"position\":1,\"name\":\"Portada\",\"item\":\"https:\/\/mobralevante.es\/ventas\/\"},{\"@type\":\"ListItem\",\"position\":2,\"name\":\"HOME vieja\",\"item\":\"https:\/\/mobralevante.es\/ventas\/?page_id=272\"},{\"@type\":\"ListItem\",\"position\":3,\"name\":\"ALQUILER MOBRA\"}]},{\"@type\":\"WebSite\",\"@id\":\"https:\/\/mobralevante.es\/ventas\/#website\",\"url\":\"https:\/\/mobralevante.es\/ventas\/\",\"name\":\"Mobra Levante, maquinaria para obra\",\"description\":\"Mobra levante ventas\",\"potentialAction\":[{\"@type\":\"SearchAction\",\"target\":{\"@type\":\"EntryPoint\",\"urlTemplate\":\"https:\/\/mobralevante.es\/ventas\/?s={search_term_string}\"},\"query-input\":{\"@type\":\"PropertyValueSpecification\",\"valueRequired\":true,\"valueName\":\"search_term_string\"}}],\"inLanguage\":\"es\"}]}<\/script>\n<!-- \/ Yoast SEO plugin. -->","yoast_head_json":{"title":"ALQUILER MOBRA - Mobra Levante, maquinaria para obra","robots":{"index":"index","follow":"follow","max-snippet":"max-snippet:-1","max-image-preview":"max-image-preview:large","max-video-preview":"max-video-preview:-1"},"canonical":"https:\/\/mobralevante.es\/ventas\/home-mobra\/alquileres\/","og_locale":"es_ES","og_type":"article","og_title":"ALQUILER MOBRA - Mobra Levante, maquinaria para obra","og_description":"ALQUILERES familias de herramientas para alquilar en Mobra Levante","og_url":"https:\/\/mobralevante.es\/ventas\/home-mobra\/alquileres\/","og_site_name":"Mobra Levante, maquinaria para obra","article_modified_time":"2024-02-27T19:00:35+00:00","twitter_card":"summary_large_image","twitter_misc":{"Tiempo de lectura":"3 minutos"},"schema":{"@context":"https:\/\/schema.org","@graph":[{"@type":"WebPage","@id":"https:\/\/mobralevante.es\/ventas\/home-mobra\/alquileres\/","url":"https:\/\/mobralevante.es\/ventas\/home-mobra\/alquileres\/","name":"ALQUILER MOBRA - Mobra Levante, maquinaria para obra","isPartOf":{"@id":"https:\/\/mobralevante.es\/ventas\/#website"},"datePublished":"2023-09-26T15:38:06+00:00","dateModified":"2024-02-27T19:00:35+00:00","breadcrumb":{"@id":"https:\/\/mobralevante.es\/ventas\/home-mobra\/alquileres\/#breadcrumb"},"inLanguage":"es","potentialAction":[{"@type":"ReadAction","target":["https:\/\/mobralevante.es\/ventas\/home-mobra\/alquileres\/"]}]},{"@type":"BreadcrumbList","@id":"https:\/\/mobralevante.es\/ventas\/home-mobra\/alquileres\/#breadcrumb","itemListElement":[{"@type":"ListItem","position":1,"name":"Portada","item":"https:\/\/mobralevante.es\/ventas\/"},{"@type":"ListItem","position":2,"name":"HOME vieja","item":"https:\/\/mobralevante.es\/ventas\/?page_id=272"},{"@type":"ListItem","position":3,"name":"ALQUILER MOBRA"}]},{"@type":"WebSite","@id":"https:\/\/mobralevante.es\/ventas\/#website","url":"https:\/\/mobralevante.es\/ventas\/","name":"Mobra Levante, maquinaria para obra","description":"Mobra levante ventas","potentialAction":[{"@type":"SearchAction","target":{"@type":"EntryPoint","urlTemplate":"https:\/\/mobralevante.es\/ventas\/?s={search_term_string}"},"query-input":{"@type":"PropertyValueSpecification","valueRequired":true,"valueName":"search_term_string"}}],"inLanguage":"es"}]}},"_links":{"self":[{"href":"https:\/\/mobralevante.es\/ventas\/wp-json\/wp\/v2\/pages\/210414"}],"collection":[{"href":"https:\/\/mobralevante.es\/ventas\/wp-json\/wp\/v2\/pages"}],"about":[{"href":"https:\/\/mobralevante.es\/ventas\/wp-json\/wp\/v2\/types\/page"}],"author":[{"embeddable":true,"href":"https:\/\/mobralevante.es\/ventas\/wp-json\/wp\/v2\/users\/1"}],"replies":[{"embeddable":true,"href":"https:\/\/mobralevante.es\/ventas\/wp-json\/wp\/v2\/comments?post=210414"}],"version-history":[{"count":23,"href":"https:\/\/mobralevante.es\/ventas\/wp-json\/wp\/v2\/pages\/210414\/revisions"}],"predecessor-version":[{"id":211087,"href":"https:\/\/mobralevante.es\/ventas\/wp-json\/wp\/v2\/pages\/210414\/revisions\/211087"}],"up":[{"embeddable":true,"href":"https:\/\/mobralevante.es\/ventas\/wp-json\/wp\/v2\/pages\/272"}],"wp:attachment":[{"href":"https:\/\/mobralevante.es\/ventas\/wp-json\/wp\/v2\/media?parent=210414"}],"curies":[{"name":"wp","href":"https:\/\/api.w.org\/{rel}","templated":true}]}}